{"id":2557,"date":"2023-07-26T12:38:12","date_gmt":"2023-07-26T10:38:12","guid":{"rendered":"https:\/\/gresol.org\/event\/xxii-jornada-gresol\/"},"modified":"2024-04-24T13:38:56","modified_gmt":"2024-04-24T11:38:56","slug":"xxii-jornada-gresol","status":"publish","type":"tribe_events","link":"https:\/\/gresol.org\/es\/event\/xxii-jornada-gresol\/","title":{"rendered":"XXII Jornada Gresol"},"content":{"rendered":"<p><strong>La XXII Jornada Gresol aplega a Tarragona m\u00e9s de dos-cents assistents per escoltar les recomanacions dels experts per impulsar la ind\u00fastria i la nostra economia<\/strong><\/p>\n<p>El f\u00f2rum econ\u00f2mic l\u00edder a la Catalunya Nova, organitzat conjuntament entre <strong>Gresol i Pimec<\/strong> en l\u2019edici\u00f3 d\u2019enguany, comptar\u00e0 amb destacats ponents del panorama empresarial com s\u00f3n l\u2019expert en innovaci\u00f3 i professor d\u2019ESADE Xavier Ferr\u00e0s, David Prats president de Borges International Group; Antoni Ca\u00f1ete, president de Pimec i Ra\u00fcl Blanco i Francisco A. Blanco, al capdavant d\u2019organismes p\u00fablics, entre d\u2019altres.<\/p>\n<p><em>Tarragona, 26 d\u2019octubre 2023<\/em><em>.<\/em> \u201cImpulsem la ind\u00fastria\u201d \u00e9s el lema que encap\u00e7ala la XXII Jornada Gresol, organitzada per la Fundaci\u00f3 Gresol i que compta amb l\u2019estreta col\u00b7laboraci\u00f3 de la <strong>Marina Port Tarraco, Business Pier<\/strong>, aix\u00ed com tamb\u00e9 amb <strong>Pimec<\/strong> com a co-organitzador.<\/p>\n<p>La XXII Jornada Gresol, que t\u00e9 lloc avui al<strong> Tinglado 1 del Moll de Costa del Port de Tarragona<\/strong>, aborda, de la m\u00e0 de prestigiosos ponents, com impulsar la ind\u00fastria. El f\u00f2rum econ\u00f2mic l\u00edder a la Catalunya Nova, organitzat per la Fundaci\u00f3 Gresol des de l\u2019any 2001, vol aportar llum sobre q\u00fcestions importants per al nostre territori i pels nostres empresaris com \u00e9s el transport ferroviari i en especial, el transport de les mercaderies, la innovaci\u00f3 a l\u2019empresa, els riscos i oportunitats que ens ofereix la Intel\u00b7lig\u00e8ncia Artificial, la situaci\u00f3 de les Pimes, com potenciar la ind\u00fastria que ja tenim al territori i com atraure\u2019n de noves i una an\u00e0lisi de la situaci\u00f3 geopol\u00edtica a Europa i a la Mediterr\u00e0nia.<\/p>\n<p>La Jornada arrenca a les 9 hores amb l\u2019acte d\u2019inauguraci\u00f3, a c\u00e0rrec del president de la Fundaci\u00f3 Gresol, Emili Correig; el director de marketing d\u2019Ocibar Marina Port Tarraco, Pablo Valera; el president del Port de Tarragona, Sa\u00fcl Garreta, la presidenta de la Diputaci\u00f3 de Tarragona, Noem\u00ed Llaurad\u00f3 i l\u2019alcalde de Tarragona, Rub\u00e9n Vi\u00f1uales.<\/p>\n<p>Seguidament, donem pas a la confer\u00e8ncia inaugural sobre economia i empresa, a c\u00e0rrec del president de Pimec i vicepresident de la patronal europea de pimes, Antoni Ca\u00f1ete, qui ser\u00e0 presentat per Montse Adan, primera tinent d\u2019alcalde de l\u2019Ajuntament de Tarragona.<\/p>\n<p>A continuaci\u00f3 ser\u00e0 el torn de l\u2019expert en innovaci\u00f3 i professor d&#8217;Operacions, Innovaci\u00f3 i Data Sciences a ESADE, en Xavier Ferr\u00e0s, \u00a0qui ens parlar\u00e0 de \u201cla nova globalitzaci\u00f3: competint en un m\u00f3n fragmentat\u201d. En aquest cas, l\u2019empres\u00e0ria i CEO del Grup CBS Quality i vicepresidenta de Respon.cat, Clara Brull, ser\u00e0 l\u2019encarregada de presentar i moderar la xerrada.<\/p>\n<p>Despr\u00e9s de la pausa caf\u00e8, ser\u00e0 el moment d\u2019escoltar la pon\u00e8ncia sobre \u201cLa Intel\u00b7lig\u00e8ncia Artificial Generativa: riscos i oportunitats d\u2019una tecnologia revolucion\u00e0ria\u201d, a c\u00e0rrec Manel Sanrom\u00e0, professor de Matem\u00e0tica Aplicada a la URV i fundador i president de CIVIC Ai. L\u2019encarregada de presentar-lo i moderar ser\u00e0 la responsable de gesti\u00f3 d\u2019empreses de la URV i membre de CIVICAi, Dolors Set\u00f3.<\/p>\n<p>Tot seguit vindr\u00e0 el Bloc sobre Ind\u00fastries del Territori, on comptarem amb David Prats, president i conseller delegat de Borges International Group i V\u00edctor Alfaro, responsable de Tecnologia, Qualitat i Efici\u00e8ncia de LyondellBasell. Taula moderada per l\u2019economista i periodista V\u00edctor Costa.<\/p>\n<p>A continuaci\u00f3, intervindr\u00e0 el president de RENFE, Ra\u00fcl Blanco, per parlar-nos de la import\u00e0ncia del transport ferroviari per impulsar la ind\u00fastria. Ignacio Marull, soci responsable de PwC a Catalunya i Andorra ser\u00e0 l\u2019encarregat de presentar-lo i moderar les preguntes que els assistents puguin formular.<\/p>\n<p>Tot seguit, tindrem la confer\u00e8ncia \u201cOportunitats per a les nostres empreses en la nova revoluci\u00f3 industrial\u201d, a c\u00e0rrec del secretari general d\u2019Ind\u00fastria i Pime, del govern d\u2019Espanya, Francisco Blanco. L\u2019empresari Rafael Matamoros, CEO de BiofreshTech ser\u00e0 l\u2019encarregat de presentar-lo.<\/p>\n<p>Despr\u00e9s del c\u00f2ctel dinar de networking, a l\u2019aire lliure i amb la magn\u00edfica panor\u00e0mica dels iots amarrats a la Marina Port Tarraco, es reprendran les sessions de la tarda i ho farem amb una confer\u00e8ncia sobre la \u201cProblem\u00e0tica del Corredor Mediterrani a l\u2019\u00e0rea de Tarragona\u201d, a c\u00e0rrec d\u2019Eugeni Sedano, membre portaveu de la Plataforma Mercaderies per l&#8217;Interior i president de l&#8217;Associaci\u00f3 Tarragona Avan\u00e7a.<\/p>\n<p>Tot seguit, el bloc sobre captaci\u00f3 de noves ind\u00fastries comptar\u00e0 amb Trini Bofarull, directora d\u2019Inversions i Empreses Estrangeres d\u2019ACCI\u00d3-Generalitat de Catalunya i Fran Morancho, alcalde de Mont-roig del Camp ens parlaran de la visi\u00f3 de la Generalitat per afavorir la implantaci\u00f3 de nova ind\u00fastria i, en concret, ens parlaran de la nova inversi\u00f3 que acollir\u00e0 l\u2019esmentat municipi amb la implantaci\u00f3 d\u2019un grup core\u00e0 properament.<\/p>\n<p>Per anar finalitzant, una de les confer\u00e8ncies m\u00e9s esperades, la del diplom\u00e0tic Sen\u00e9n Florensa, director general de l\u2019Institut Europeu de la Mediterr\u00e0nia (IEMed) qui, a trav\u00e9s de la xerrada \u201cEuropa i la Mediterr\u00e0nia. Crisi i Geopol\u00edtica actual en un m\u00f3n en transformaci\u00f3\u201d, far\u00e0 una an\u00e0lisis sobre l\u2019actual situaci\u00f3 geopol\u00edtica que viu Europa i la mediterr\u00e0nia, tant d\u2019actualitat darrerament amb els nombrosos conflictes b\u00e8l\u00b7lics. Ser\u00e0 presentat per Josep Pallar\u00e8s, rector de la URV.<\/p>\n<p>Clour\u00e0 la Jornada Carlos Prieto, delegat del Govern a Catalunya, qui estar\u00e0 acompanyat pel subdelegat del Govern a Tarragona, Santiago J. Castell\u00e0, per posar el punt i final a aquest dia.<\/p>\n<p>Entitats i empreses col\u00b7laboradores<\/p>\n<p>La XXII Jornada Gresol compta amb l\u2019especial col\u00b7laboraci\u00f3 d\u2019entitats i empreses que fan possible la trobada, com s\u00f3n: Pimec, Business Pier Port Tarraco, la Diputaci\u00f3 de Tarragona, CaixaBank, Port de Tarragona, PwC, Carbonell Figueras, Gicsa Empresa Constructora, Infinitum, Ferrovial Construcci\u00f3n, Autolica Tarragona, Log\u00edstica Costa Dorada, H10 Hotels i Clos Galena.<\/p>\n<p><strong>Gresol, el f\u00f2rum econ\u00f2mic de la Catalunya Nova<\/strong><\/p>\n<p>La Fundaci\u00f3 Gresol \u00e9s un espai d\u2019intercanvi d\u2019idees, a m\u00e9s d\u2019una excel\u00b7lent plataforma que reconeix l\u2019esfor\u00e7 i el talent de destacades personalitats. Avui en dia, s\u2019ha consolidat com un magn\u00edfic f\u00f2rum econ\u00f2mic i de debat dels temes d\u2019actualitat amb major incid\u00e8ncia en el m\u00f3n econ\u00f2mic, empresarial, pol\u00edtic i social. Agrupa m\u00e9s de 150 empresaris que representen les firmes m\u00e9s importants de la Catalunya Nova.<\/p>\n<p>Fins ara, s&#8217;han organitzat 21 edicions d\u2019aquestes jornades, en les quals han participat com a ponents grans protagonistes de la hist\u00f2ria econ\u00f2mica i empresarial del nostre pa\u00eds dels darrers 50 anys i on assisteixen al voltant de 300 empresaris i professionals de la prov\u00edncia i d\u2019altres indrets de Catalunya, moguts per la possibilitat de fer networking. Gresol s\u2019ha erigit com el f\u00f2rum econ\u00f2mic i de debat m\u00e9s important de la Catalunya Nova.<\/p>\n<p><strong>Sobre Port Tarraco i Business Pier<\/strong><\/p>\n<p>Port Tarraco \u00e9s un port de refer\u00e8ncia per a superiots i gigaiots que naveguen pel Mediterrani. Disposa de 33 amarraments d&#8217;entre 45 i 165 metres i proporciona tots els serveis <em>premium<\/em> personalitzats i de m\u00e0xima qualitat que requereixen aquest tipus d&#8217;embarcacions de luxe. La marina est\u00e0 gestionada per Ocibar, empresa mallorquina especialitzada des de fa m\u00e9s de 30 anys en la gesti\u00f3 de ports esportius, que compte, a m\u00e9s, amb dues marines a Balears, Port Adriano a Mallorca i Botafoc Eivissa.<\/p>\n<p>Business Pier \u00e9s un centre de negocis d&#8217;\u00faltima generaci\u00f3 situat a les instal\u00b7lacions de Port Tarraco. Disposa de 13.000m2 d&#8217;\u00e0rea empresarial distribu\u00efts en 6 edificis amb espais per a empreses que van des dels 60 fins als 300m2 equipats amb les \u00faltimes tecnologies. En un entorn \u00fanic sobre la mar, alberga la seu d&#8217;importants companyies locals i multinacionals.<\/p>\n","protected":false},"excerpt":{"rendered":"<p>La XXII Jornada Gresol aplega a Tarragona m\u00e9s de dos-cents  [&#8230;]<\/p>\n","protected":false},"author":4,"featured_media":3080,"template":"","meta":{"_price":"","_stock":"","_tribe_ticket_header":"","_tribe_default_ticket_provider":"TEC\\Tickets\\Commerce\\Module","_tribe_ticket_capacity":"0","_ticket_start_date":"","_ticket_end_date":"","_tribe_ticket_show_description":"","_tribe_ticket_show_not_going":false,"_tribe_ticket_use_global_stock":"","_tribe_ticket_global_stock_level":"-1","_global_stock_mode":"","_global_stock_cap":"","_tribe_rsvp_for_event":"","_tribe_ticket_going_count":"","_tribe_ticket_not_going_count":"","_tribe_tickets_list":"[{\"id\":2558,\"type\":\"default\",\"title\":\"XXII Jornada Gresol Entrada general\",\"description\":\"\",\"capacityType\":\"unlimited\",\"price\":\"120\",\"capacity\":\"\",\"available\":-1,\"sharedCapacity\":\"\",\"sold\":1,\"shareSold\":1,\"isShared\":true,\"currencyDecimalPoint\":\".\",\"currencyNumberOfDecimals\":2,\"currencyPosition\":\"postfix\",\"currencySymbol\":\"\\u20ac\",\"currencyThousandsSep\":\",\"}]","_tribe_ticket_has_attendee_info_fields":false,"_tribe_events_status":"","_tribe_events_status_reason":"","footnotes":"","_tec_slr_enabled":"","_tec_slr_layout":""},"tags":[],"tribe_events_cat":[33],"class_list":["post-2557","tribe_events","type-tribe_events","status-publish","has-post-thumbnail","hentry","tribe_events_cat-jornada-gresol-es","cat_jornada-gresol-es"],"ticketed":["tc"],"_links":{"self":[{"href":"https:\/\/gresol.org\/es\/wp-json\/wp\/v2\/tribe_events\/2557","targetHints":{"allow":["GET"]}}],"collection":[{"href":"https:\/\/gresol.org\/es\/wp-json\/wp\/v2\/tribe_events"}],"about":[{"href":"https:\/\/gresol.org\/es\/wp-json\/wp\/v2\/types\/tribe_events"}],"author":[{"embeddable":true,"href":"https:\/\/gresol.org\/es\/wp-json\/wp\/v2\/users\/4"}],"version-history":[{"count":9,"href":"https:\/\/gresol.org\/es\/wp-json\/wp\/v2\/tribe_events\/2557\/revisions"}],"predecessor-version":[{"id":3082,"href":"https:\/\/gresol.org\/es\/wp-json\/wp\/v2\/tribe_events\/2557\/revisions\/3082"}],"wp:featuredmedia":[{"embeddable":true,"href":"https:\/\/gresol.org\/es\/wp-json\/wp\/v2\/media\/3080"}],"wp:attachment":[{"href":"https:\/\/gresol.org\/es\/wp-json\/wp\/v2\/media?parent=2557"}],"wp:term":[{"taxonomy":"post_tag","embeddable":true,"href":"https:\/\/gresol.org\/es\/wp-json\/wp\/v2\/tags?post=2557"},{"taxonomy":"tribe_events_cat","embeddable":true,"href":"https:\/\/gresol.org\/es\/wp-json\/wp\/v2\/tribe_events_cat?post=2557"}],"curies":[{"name":"wp","href":"https:\/\/api.w.org\/{rel}","templated":true}]}}