{"id":2536,"date":"2023-02-10T12:59:58","date_gmt":"2023-02-10T11:59:58","guid":{"rendered":"https:\/\/gresol.org\/event\/xvi-premis-gaudi-gresol-2023\/"},"modified":"2024-04-18T12:30:40","modified_gmt":"2024-04-18T10:30:40","slug":"xvi-premis-gaudi-gresol-2023","status":"publish","type":"tribe_events","link":"https:\/\/gresol.org\/es\/event\/xvi-premis-gaudi-gresol-2023\/","title":{"rendered":"XVI Premios Gaud\u00ed Gresol 2023"},"content":{"rendered":"<p><strong>Juan Antonio Bayona, Dr. Eduard Estivill, Josep Ametller, Elsa Punset, Antoni Ca\u00f1ete i \u00c0urea Rodr\u00edguez, entre els guardonats dels Premis Gaud\u00ed Gresol<\/strong><\/p>\n<p>M\u00e9s de 300 persones han assistit a la gala que aquest any arriba a la setzena edici\u00f3 plenament consolidada<\/p>\n<p>La Fundaci\u00f3 Gresol ha lliurat aquesta nit els Premis Gaud\u00ed Gresol a la Notorietat i l&#8217;Excel\u00b7l\u00e8ncia que aquest any han arribat a la setzena edici\u00f3. La Gala, que s&#8217;ha celebrat al Tecnoparc de firaReus ha estat condu\u00efda per la periodista Paula Jans\u00e0 i ha comptat amb el suport de l&#8217;Ajuntament de Reus com a les passades edicions. Els Premis Gaud\u00ed Gresol ja estan plenament consolidats i s&#8217;han convertit en una important cita social a la prov\u00edncia de Tarragona. La finalitat d&#8217;aquests guardons \u00e9s recon\u00e8ixer el treball de persones, entitats i organismes que hagin destacat en diferents disciplines professionals.<\/p>\n<p>Aquest any, com a les anteriors edicions, la participaci\u00f3 ha estat tot un \u00e8xit, ja que el nombre de persones inscrites a la gala de lliurament dels premis i el sopar solidari posterior ha estat de 300 assistents.<\/p>\n<p><strong>Els guardonats d\u2019aquest any han sigut:<\/strong><\/p>\n<ul>\n<li>Antoni Ca\u00f1ete (Lideratge Empresarial)<\/li>\n<li>\u00c0urea Rodr\u00edguez (Tecnologia i Innovaci\u00f3)<\/li>\n<li>Josep Ametller (Medi Ambient)<\/li>\n<li>Ivana Mi\u00f1o (Arts Esc\u00e8niques)<\/li>\n<li>de La Pau Janer (Literatura)<\/li>\n<li>Elsa Punset (Comunicaci\u00f3)<\/li>\n<li>Esther Gim\u00e9nez-Salinas (Catalana Il\u00b7lustre)<\/li>\n<li>Eduard Estivill (Medicina)<\/li>\n<li>Juan Antonio Bayona (Cinema)<\/li>\n<li>Mariona Escoda (M\u00fasica)<\/li>\n<\/ul>\n<p><strong>Comprom\u00eds Solidari<\/strong><\/p>\n<p>La Fundaci\u00f3 Gresol fa cada any una aportaci\u00f3 a algun organisme i organitzaci\u00f3 solid\u00e0ria. Aquest any, com a novetat, seran dues les entitats escollides: la Fundaci\u00f3 d&#8217;Esclerosi M\u00faltiple (FEM) i l\u2019Associaci\u00f3 Down Tarragona.\u00a0La Fundaci\u00f3 d&#8217;Esclerosi M\u00faltiple va ser fundada el 1989 a Barcelona i \u00e9s una entitat privada sense \u00e0nim de lucre que vetlla per aturar l&#8217;impacte de la malaltia a la vida de les persones amb esclerosi m\u00faltiple i el seu entorn, ajudant en diversos \u00e0mbits.\u00a0L\u2019Associaci\u00f3 Down Tarragona t\u00e9 com a objectiu promoure la igualtat d&#8217;oportunitats, la plena inclusi\u00f3 i una adquisici\u00f3 m\u00e9s gran de drets socials individuals de les persones amb discapacitat intel\u00b7lectual i de les seves fam\u00edlies.<\/p>\n<p><strong>Personalitats assistents<\/strong><\/p>\n<p>Tots els premiats han assistit a la Gala i han recollit personalment el guard\u00f3 que consisteix en un bust de Gaud\u00ed de l&#8217;escultor Joan Matamala. A m\u00e9s, han compartit la vetllada i el sopar amb tots els assistents, entre els quals hi ha hagut destacades personalitats que han estat les encarregades de lliurar els premis. Entre aquests, el Sr. Emili Correig, president de la Fundaci\u00f3 Gresol, que ha lliurat el premi a Antoni Ca\u00f1ete; el Sr. Anton Pont, president d&#8217;honor de la Fundaci\u00f3 Gresol, que ha lliurat el premi a Josep Ametller; el Sr. Sa\u00fcl Garreta, president del Port de Tarragona, que ha lliurat el premi a Ivana Mi\u00f1o; el Sr. Carles Pellicer, alcalde de Reus, que ha lliurat el premi a Esther Gim\u00e9nez-Salinas; la Sra. Noem\u00ed Llaurad\u00f3, presidenta de la Diputaci\u00f3 de Tarragona, que ha lliurat el premi al Dr. Eduard Estivill, entre altres personalitats.<\/p>\n<p><strong>Els nostres col\u00b7laboradors:<\/strong><\/p>\n<p>Ajuntament de Reus, Regidoria d\u2019Empresa i Ocupaci\u00f3, Banc Santander, Port de Tarragona, Log\u00edstica Costa Dorada, Mercedes-Benz Autolica Tarragona, Fermator, Cl\u00ednica Regeneric, Clos Montblanc, NH Hotel Group, Torell\u00f3 Viticultors i Caf\u00e8s Novell.<\/p>\n<p>&nbsp;<\/p>\n<p><a href=\"https:\/\/gresol.org\/wp-content\/uploads\/2023\/07\/Llibret-Premis-Gaudi-Gresol-2023-Actualitzat-v4.pdf\">Descarrega aqu\u00ed la revista dels premis<\/a><\/p>\n","protected":false},"excerpt":{"rendered":"<p>Juan Antonio Bayona, Dr. Eduard Estivill, Josep Ametller, Elsa Punset,  [&#8230;]<\/p>\n","protected":false},"author":4,"featured_media":2526,"template":"","meta":{"_price":"","_stock":"","_tribe_ticket_header":"","_tribe_default_ticket_provider":"TEC\\Tickets\\Commerce\\Module","_tribe_ticket_capacity":"0","_ticket_start_date":"","_ticket_end_date":"","_tribe_ticket_show_description":"","_tribe_ticket_show_not_going":false,"_tribe_ticket_use_global_stock":"","_tribe_ticket_global_stock_level":"","_global_stock_mode":"","_global_stock_cap":"","_tribe_rsvp_for_event":"","_tribe_ticket_going_count":"","_tribe_ticket_not_going_count":"","_tribe_tickets_list":"[]","_tribe_ticket_has_attendee_info_fields":false,"_tribe_events_status":"","_tribe_events_status_reason":"","footnotes":"","_tec_slr_enabled":"","_tec_slr_layout":""},"tags":[],"tribe_events_cat":[32],"class_list":["post-2536","tribe_events","type-tribe_events","status-publish","has-post-thumbnail","hentry","tribe_events_cat-premis-gaudi-gresol-es","cat_premis-gaudi-gresol-es"],"ticketed":false,"_links":{"self":[{"href":"https:\/\/gresol.org\/es\/wp-json\/wp\/v2\/tribe_events\/2536","targetHints":{"allow":["GET"]}}],"collection":[{"href":"https:\/\/gresol.org\/es\/wp-json\/wp\/v2\/tribe_events"}],"about":[{"href":"https:\/\/gresol.org\/es\/wp-json\/wp\/v2\/types\/tribe_events"}],"author":[{"embeddable":true,"href":"https:\/\/gresol.org\/es\/wp-json\/wp\/v2\/users\/4"}],"version-history":[{"count":2,"href":"https:\/\/gresol.org\/es\/wp-json\/wp\/v2\/tribe_events\/2536\/revisions"}],"predecessor-version":[{"id":2879,"href":"https:\/\/gresol.org\/es\/wp-json\/wp\/v2\/tribe_events\/2536\/revisions\/2879"}],"wp:featuredmedia":[{"embeddable":true,"href":"https:\/\/gresol.org\/es\/wp-json\/wp\/v2\/media\/2526"}],"wp:attachment":[{"href":"https:\/\/gresol.org\/es\/wp-json\/wp\/v2\/media?parent=2536"}],"wp:term":[{"taxonomy":"post_tag","embeddable":true,"href":"https:\/\/gresol.org\/es\/wp-json\/wp\/v2\/tags?post=2536"},{"taxonomy":"tribe_events_cat","embeddable":true,"href":"https:\/\/gresol.org\/es\/wp-json\/wp\/v2\/tribe_events_cat?post=2536"}],"curies":[{"name":"wp","href":"https:\/\/api.w.org\/{rel}","templated":true}]}}