{"id":1040,"date":"2022-03-29T11:31:27","date_gmt":"2022-03-29T09:31:27","guid":{"rendered":"https:\/\/gresol.org\/event\/xxi-jornada-gresol\/"},"modified":"2022-11-04T11:09:20","modified_gmt":"2022-11-04T10:09:20","slug":"xxi-jornada-gresol","status":"publish","type":"tribe_events","link":"https:\/\/gresol.org\/es\/event\/xxi-jornada-gresol\/","title":{"rendered":"XXI Jornada Gresol"},"content":{"rendered":"<p><strong>La XXI Jornada Gresol ha reunido<\/strong><strong> en Tarragona grandes expertos que han hablado de las nuevas estrategias para hacer frente a la compleja situaci\u00f3n actual<\/strong><\/p>\n<p>El foro econ\u00f3mico l\u00edder en la Catalunya Nova ha contado con la destacada participaci\u00f3n del ministro de Inclusi\u00f3n, Seguridad Social y Migraciones, <strong>Jos\u00e9 Luis Escriv\u00e1<\/strong>, quien ha ofrecido una conferencia antes del almuerzo.<\/p>\n<p>M\u00e1s de 200 personas han asistido presencialmente a las diferentes conferencias y mesas de debate.<\/p>\n<p>Adem\u00e1s, a lo largo de todo el d\u00eda hemos contado con destacados ponentes del panorama empresarial como son el economista <strong>Josep Soler-Alberti, Gen\u00eds Roca, Mar Reguant<\/strong>, el exembajador <strong>Eugeni Bregolat, Xavier Pont o Ernestina Torell\u00f3,<\/strong> entre otros.<\/p>\n<p><strong><em>Tarragona, 27 de octubre 2022.<\/em><\/strong> La XXI Jornada Gresol, que ha tenido lugar hoy en el Tinglado 1 del Moll de la Costa del Puerto de Tarragona, ha abordado, de la mano de reputados ponentes, las nuevas estrategias para hacer frente a la compleja situaci\u00f3n actual. El foro econ\u00f3mico l\u00edder en la Catalunya Nova, organizado por la Fundaci\u00f3 Gresol desde el a\u00f1o 2001, quiere aportar luz sobre cuestiones importantes para nuestro territorio y nuestros empresarios como la cuesti\u00f3n energ\u00e9tica, el emprendimiento social y la econom\u00eda de impacto, el desarrollo de la sociedad digital o el an\u00e1lisis de la situaci\u00f3n geopol\u00edtica en Europa.<\/p>\n<p>La Jornada ha arrancado a las 9 horas con el acto de inauguraci\u00f3n a cargo del presidente de la Fundaci\u00f3 Gresol, <strong>Emili Correig<\/strong>; el CEO de Ocibar Marina Port Tarraco, <strong>Antonio Zaforteza<\/strong>; el presidente del Puerto de Tarragona, <strong>Josep M. Cruset<\/strong> y la vicepresidenta segunda de la Diputaci\u00f3n de Tarragona, <strong>Meritxell Roig\u00e9.<\/strong><\/p>\n<p>Seguidamente, se ha dado paso a la conferencia inaugural sobre econom\u00eda, a cargo del reputado economista y director general del Instituto de Estudios Financieros, <strong>Josep Soler-Alberti<\/strong> quien ha sido presentado por el periodista y director de informaci\u00f3n econ\u00f3mica del grupo Prensa Ib\u00e9rica, Mart\u00ed Saballs<\/p>\n<p>A continuaci\u00f3n ha sido el turno de un emprendedor social que es co-fundador y managing partner de Ship2B Ventures, <strong>Xavier Pont<\/strong>, quien nos ha hablado de \u201cEmprendimiento social e inversi\u00f3n de impacto\u201d. En este caso, el economista y periodista <strong>V\u00edctor Costa<\/strong> ha sido el encargado de moderar la charla.<\/p>\n<p>Tras la pausa caf\u00e9, ha sido el momento de escuchar la ponencia sobre \u00abClaves empresariales y sociales para el desarrollo de la Sociedad Digital\u00bb, a cargo del presidente de la Fundaci\u00f3n puntCAT, <strong>Gen\u00eds Roca<\/strong>. La encargada de presentarlo y moderar ha sido la directora del Diari de Tarragona, <strong>N\u00faria P\u00e9rez.<\/strong><\/p>\n<p>Acto seguido, ha tenido lugar el Bloque sobre Energ\u00eda integrado por el consejero de la Comisi\u00f3n Nacional de los Mercados y la Competencia (CNMC) y emprendedor en innovaci\u00f3n en sistemas energ\u00e9ticos avanzados, <strong>Josep M. Salas<\/strong>; y por <strong>Mar Reguant<\/strong>, profesora titular en la Northwestern Universitiy (Chicago) e investigadora en la Barcelona School of Economics, donde lidera un grupo de investigaci\u00f3n en transici\u00f3n energ\u00e9tica. El di\u00e1logo entre ellos lo ha moderado <strong>Marc Segura<\/strong>, CEO de Solcam y coordinador de la Comisi\u00f3n de Energ\u00eda y Sostenibilidad de la C\u00e1mara de Comercio de Reus.<\/p>\n<p>A continuaci\u00f3n, uno de los platos fuertes de la Jornada, como ha sido la conferencia a cargo del Ministro de Inclusi\u00f3n, Seguridad Social y Migraciones, <strong>Sr. Jos\u00e9 Luis Escriv\u00e1<\/strong> -reconocido economista- quien, aparte de hablarnos de los temas que desde su ministerio gestionan, tambi\u00e9n nos ha ofrecido su punto de vista de c\u00f3mo est\u00e1 la situaci\u00f3n econ\u00f3mica en nuestro pa\u00eds y las estrategias de futuro.<\/p>\n<p>Despu\u00e9s del c\u00f3ctel almuerzo de networking, al aire libre y con la magn\u00edfica panor\u00e1mica de los yates amarrados en la Marina Port Tarraco, se han reanudado las sesiones de la tarde con una mesa que ha tratado sobre \u00abHistorias de \u00e9xito empresarial\u00bb. En ella participar\u00e1n empresarios destacados de nuestro pa\u00eds para aportar su experiencia al frente de estos grandes grupos que han pasado de generaci\u00f3n en generaci\u00f3n. As\u00ed pues, hemos podido escuchar a la presidenta de Cavas Torell\u00f3, <strong>Ernestina Torell\u00f3<\/strong>; <strong>Josep M. Puig<\/strong>, de Corporaci\u00f3n Exea y Grup Puig, y por \u00faltimo, <strong>Anton Pont,<\/strong> presidente de honor del Grupo Borges International. Todos ellos presentados y moderados por Joaquin Ortiz, socio responsable de auditor\u00eda de PwC en Catalunya.<\/p>\n<p>Para finalizar con las charlas, ha sido el turno de una de las conferencias m\u00e1s esperadas, la del ex embajador de Espa\u00f1a en Rusia y diplom\u00e1tico, <strong>Eugeni Bregolat<\/strong> quien, a trav\u00e9s de la charla \u00abGorbachov, la gran esperanza frustrada\u00bb, ha hecho un an\u00e1lisis sobre la actual situaci\u00f3n geopol\u00edtica que vive Europa, con el trasfondo del conflicto entre Rusia y Ucrania.<\/p>\n<p>Por \u00faltimo y para poner el punto final a este d\u00eda tan intenso, la Jornada Gresol ha sido cerrada por <strong>Josep Pallar\u00e8s,<\/strong> rector de la URV, acompa\u00f1ado por el presidente de la Fundaci\u00f3n Gresol, Emili Correig.<\/p>\n<p>Entidades y empresas colaboradores<\/p>\n<p>La XXI Jornada Gresol cuenta con la especial colaboraci\u00f3n de entidades y empresas que hacen posible el encuentro, como son: Business Pier Port Tarraco, Diputaci\u00f3n de Tarragona, CaixaBank, Puerto de Tarragona, PwC, Carbonell Figueras, Gicsa Empresa Constructora, Ferrovial Construcci\u00f3n, Autolica Tarragona, Infinitum, M\u00e9mora Servicios Funerarios, H10 Hotels y Clos Galena.<\/p>\n<p>&nbsp;<\/p>\n","protected":false},"excerpt":{"rendered":"<p>La XXI Jornada Gresol ha reunido en Tarragona grandes expertos  [&#8230;]<\/p>\n","protected":false},"author":4,"featured_media":2129,"template":"","meta":{"_price":"","_stock":"","_tribe_ticket_header":"","_tribe_default_ticket_provider":"TEC\\Tickets\\Commerce\\Module","_tribe_ticket_capacity":"250","_ticket_start_date":"","_ticket_end_date":"","_tribe_ticket_show_description":"","_tribe_ticket_show_not_going":false,"_tribe_ticket_use_global_stock":"1","_tribe_ticket_global_stock_level":"250","_global_stock_mode":"","_global_stock_cap":"","_tribe_rsvp_for_event":"","_tribe_ticket_going_count":"","_tribe_ticket_not_going_count":"","_tribe_tickets_list":"[]","_tribe_ticket_has_attendee_info_fields":false,"_tribe_events_status":"","_tribe_events_status_reason":"","footnotes":"","_tec_slr_enabled":"","_tec_slr_layout":""},"tags":[],"tribe_events_cat":[33],"class_list":["post-1040","tribe_events","type-tribe_events","status-publish","has-post-thumbnail","hentry","tribe_events_cat-jornada-gresol-es","cat_jornada-gresol-es"],"ticketed":false,"_links":{"self":[{"href":"https:\/\/gresol.org\/es\/wp-json\/wp\/v2\/tribe_events\/1040","targetHints":{"allow":["GET"]}}],"collection":[{"href":"https:\/\/gresol.org\/es\/wp-json\/wp\/v2\/tribe_events"}],"about":[{"href":"https:\/\/gresol.org\/es\/wp-json\/wp\/v2\/types\/tribe_events"}],"author":[{"embeddable":true,"href":"https:\/\/gresol.org\/es\/wp-json\/wp\/v2\/users\/4"}],"version-history":[{"count":11,"href":"https:\/\/gresol.org\/es\/wp-json\/wp\/v2\/tribe_events\/1040\/revisions"}],"predecessor-version":[{"id":2131,"href":"https:\/\/gresol.org\/es\/wp-json\/wp\/v2\/tribe_events\/1040\/revisions\/2131"}],"wp:featuredmedia":[{"embeddable":true,"href":"https:\/\/gresol.org\/es\/wp-json\/wp\/v2\/media\/2129"}],"wp:attachment":[{"href":"https:\/\/gresol.org\/es\/wp-json\/wp\/v2\/media?parent=1040"}],"wp:term":[{"taxonomy":"post_tag","embeddable":true,"href":"https:\/\/gresol.org\/es\/wp-json\/wp\/v2\/tags?post=1040"},{"taxonomy":"tribe_events_cat","embeddable":true,"href":"https:\/\/gresol.org\/es\/wp-json\/wp\/v2\/tribe_events_cat?post=1040"}],"curies":[{"name":"wp","href":"https:\/\/api.w.org\/{rel}","templated":true}]}}