{"id":982,"date":"2021-07-21T11:20:09","date_gmt":"2021-07-21T09:20:09","guid":{"rendered":"https:\/\/gresol.org\/noticies\/"},"modified":"2022-04-06T18:18:12","modified_gmt":"2022-04-06T16:18:12","slug":"noticias","status":"publish","type":"page","link":"https:\/\/gresol.org\/es\/noticias\/","title":{"rendered":"Noticias"},"content":{"rendered":"<div class=\"fusion-fullwidth fullwidth-box fusion-builder-row-1 fusion-flex-container nonhundred-percent-fullwidth non-hundred-percent-height-scrolling\" style=\"--awb-border-radius-top-left:0px;--awb-border-radius-top-right:0px;--awb-border-radius-bottom-right:0px;--awb-border-radius-bottom-left:0px;--awb-flex-wrap:wrap;\" ><div class=\"fusion-builder-row fusion-row fusion-flex-align-items-flex-start fusion-flex-content-wrap\" style=\"max-width:1248px;margin-left: calc(-4% \/ 2 );margin-right: calc(-4% \/ 2 );\"><div class=\"fusion-layout-column fusion_builder_column fusion-builder-column-0 fusion_builder_column_1_1 1_1 fusion-flex-column\" style=\"--awb-bg-size:cover;--awb-width-large:100%;--awb-margin-top-large:0px;--awb-spacing-right-large:1.92%;--awb-margin-bottom-large:20px;--awb-spacing-left-large:1.92%;--awb-width-medium:100%;--awb-order-medium:0;--awb-spacing-right-medium:1.92%;--awb-spacing-left-medium:1.92%;--awb-width-small:100%;--awb-order-small:0;--awb-spacing-right-small:1.92%;--awb-spacing-left-small:1.92%;\"><div class=\"fusion-column-wrapper fusion-column-has-shadow fusion-flex-justify-content-flex-start fusion-content-layout-column\"><div class=\"fusion-blog-shortcode fusion-blog-shortcode-1 fusion-blog-archive fusion-blog-layout-timeline-wrapper fusion-blog-pagination\"><div class=\"fusion-posts-container fusion-posts-container-pagination fusion-no-meta-info fusion-blog-rollover\" data-pages=\"2\"><div class=\"fusion-timeline-icon\"><i class=\"awb-icon-bubbles\" style=\"color:#f2f3f5;\" aria-hidden=\"true\"><\/i><\/div><div class=\"fusion-blog-layout-timeline fusion-clearfix\"><div class=\"fusion-timeline-line\" style=\"border-left:1px solid #f2f3f5;border-right:1px solid #f2f3f5;\"><\/div><h3 class=\"fusion-timeline-date\" style=\"background-color:#f2f3f5;\">julio 2025<\/h3><div class=\"fusion-collapse-month\"><article id=\"blog-1-post-3984\" style=\"border-color:#f2f3f5;\" class=\"fusion-post-timeline fusion-clearfix fusion-left-column post-3984 post type-post status-publish format-standard has-post-thumbnail hentry category-sin-categorizar\">\n<div class=\"fusion-post-wrapper\" style=\"background-color:rgba(255,255,255,0);\">\n\n\t\t\t<div class=\"fusion-flexslider flexslider fusion-flexslider-loading fusion-post-slideshow\" style=\"border-color:#f2f3f5;\">\n\t\t<ul class=\"slides\">\n\t\t\t\n\t\t\t\t\t\t\t\t\t\t\t\t\t\t<li><div  class=\"fusion-image-wrapper\" aria-haspopup=\"true\">\n\t\t\t\t<img decoding=\"async\" width=\"2560\" height=\"1700\" src=\"https:\/\/gresol.org\/wp-content\/uploads\/2025\/07\/DSC_0651-scaled.jpg\" class=\"attachment-full size-full wp-post-image\" alt=\"\" srcset=\"https:\/\/gresol.org\/wp-content\/uploads\/2025\/07\/DSC_0651-200x133.jpg 200w, https:\/\/gresol.org\/wp-content\/uploads\/2025\/07\/DSC_0651-400x266.jpg 400w, https:\/\/gresol.org\/wp-content\/uploads\/2025\/07\/DSC_0651-600x399.jpg 600w, https:\/\/gresol.org\/wp-content\/uploads\/2025\/07\/DSC_0651-800x531.jpg 800w, https:\/\/gresol.org\/wp-content\/uploads\/2025\/07\/DSC_0651-1200x797.jpg 1200w, https:\/\/gresol.org\/wp-content\/uploads\/2025\/07\/DSC_0651-scaled.jpg 2560w\" sizes=\"(max-width: 640px) 100vw, 40vw\" \/><div class=\"fusion-rollover\">\n\t<div class=\"fusion-rollover-content\">\n\n\t\t\t\t\n\t\t\n\t\t\t\t\t\t\t\t\t\t\t\t<h4 class=\"fusion-rollover-title\">\n\t\t\t\t\t<a class=\"fusion-rollover-title-link\" href=\"https:\/\/gresol.org\/es\/ii-torneig-de-golf-gresol-laymatec-mas-la-boella\/\">\n\t\t\t\t\t\tII Torneig de Golf Gresol\/ Laymatec\/ Mas La Boella\t\t\t\t\t<\/a>\n\t\t\t\t<\/h4>\n\t\t\t\n\t\t\t\t\t\t\t\t\n\t\t\n\t\t\t\t\t\t<a class=\"fusion-link-wrapper\" href=\"https:\/\/gresol.org\/es\/ii-torneig-de-golf-gresol-laymatec-mas-la-boella\/\" aria-label=\"II Torneig de Golf Gresol\/ Laymatec\/ Mas La Boella\"><\/a>\n\t<\/div>\n<\/div>\n<\/div>\n<\/li>\n\t\t\t\n\t\t\t\n\t\t\t\t\t\t\t\t\t\t\t\t\t\t\t\t\t\t\t\t\t\t\t\t\t\t\t\t\t\t\t\t\t\t\t\t\t\t\t\t\t\t\t\t\t\t\t\t\t\t\t\t\t\t\t\t\t\t\t\t\t\t\t\t\t\t\t\t<\/ul>\n\t<\/div>\n\t<div class=\"fusion-post-content-wrapper\" style=\"padding:30px 25px 25px 25px;\"><div class=\"fusion-post-content post-content\"><div class=\"fusion-timeline-circle\" style=\"background-color:#f2f3f5;\"><\/div><div class=\"fusion-timeline-arrow\" style=\"color:#f2f3f5;\"><\/div><h2 class=\"blog-shortcode-post-title entry-title\"><a href=\"https:\/\/gresol.org\/es\/ii-torneig-de-golf-gresol-laymatec-mas-la-boella\/\">II Torneig de Golf Gresol\/ Laymatec\/ Mas La Boella<\/a><\/h2><div class=\"fusion-post-content-container\"><p>El passat\u00a020 de juny\u00a0vam organitzar\u00a0el\u00a0II Torneig de Golf de la Fundaci\u00f3 Gresol.\u00a0En aquesta segona edici\u00f3 ens van acompanyar\u00a0com a patrocinadors principals Laymatec [...]<\/p><\/div><\/div><\/div><div class=\"fusion-clearfix\"><\/div><\/div>\n<\/article>\n<\/div><h3 class=\"fusion-timeline-date\" style=\"background-color:#f2f3f5;\">septiembre 2024<\/h3><div class=\"fusion-collapse-month\"><article id=\"blog-1-post-3477\" style=\"border-color:#f2f3f5;\" class=\"fusion-post-timeline fusion-clearfix fusion-right-column post-3477 post type-post status-publish format-standard has-post-thumbnail hentry category-sin-categorizar\">\n<div class=\"fusion-post-wrapper\" style=\"background-color:rgba(255,255,255,0);\">\n\n\t\t\t<div class=\"fusion-flexslider flexslider fusion-flexslider-loading fusion-post-slideshow\" style=\"border-color:#f2f3f5;\">\n\t\t<ul class=\"slides\">\n\t\t\t\n\t\t\t\t\t\t\t\t\t\t\t\t\t\t<li><div  class=\"fusion-image-wrapper\" aria-haspopup=\"true\">\n\t\t\t\t<img decoding=\"async\" width=\"1440\" height=\"1077\" src=\"https:\/\/gresol.org\/wp-content\/uploads\/2024\/10\/460298158_925931962910207_574453368915904847_n.jpg\" class=\"attachment-full size-full wp-post-image\" alt=\"\" srcset=\"https:\/\/gresol.org\/wp-content\/uploads\/2024\/10\/460298158_925931962910207_574453368915904847_n-200x150.jpg 200w, https:\/\/gresol.org\/wp-content\/uploads\/2024\/10\/460298158_925931962910207_574453368915904847_n-400x299.jpg 400w, https:\/\/gresol.org\/wp-content\/uploads\/2024\/10\/460298158_925931962910207_574453368915904847_n-600x449.jpg 600w, https:\/\/gresol.org\/wp-content\/uploads\/2024\/10\/460298158_925931962910207_574453368915904847_n-800x598.jpg 800w, https:\/\/gresol.org\/wp-content\/uploads\/2024\/10\/460298158_925931962910207_574453368915904847_n-1200x898.jpg 1200w, https:\/\/gresol.org\/wp-content\/uploads\/2024\/10\/460298158_925931962910207_574453368915904847_n.jpg 1440w\" sizes=\"(max-width: 640px) 100vw, 40vw\" \/><div class=\"fusion-rollover\">\n\t<div class=\"fusion-rollover-content\">\n\n\t\t\t\t\n\t\t\n\t\t\t\t\t\t\t\t\t\t\t\t<h4 class=\"fusion-rollover-title\">\n\t\t\t\t\t<a class=\"fusion-rollover-title-link\" href=\"https:\/\/gresol.org\/es\/off-the-record-al-diari-de-tarragona\/\">\n\t\t\t\t\t\t\u00abOff the record\u00bb al Diari de Tarragona\t\t\t\t\t<\/a>\n\t\t\t\t<\/h4>\n\t\t\t\n\t\t\t\t\t\t\t\t\n\t\t\n\t\t\t\t\t\t<a class=\"fusion-link-wrapper\" href=\"https:\/\/gresol.org\/es\/off-the-record-al-diari-de-tarragona\/\" aria-label=\"\u00abOff the record\u00bb al Diari de Tarragona\"><\/a>\n\t<\/div>\n<\/div>\n<\/div>\n<\/li>\n\t\t\t\n\t\t\t\n\t\t\t\t\t\t\t\t\t\t\t\t\t\t\t\t\t\t\t\t\t\t\t\t\t\t\t\t\t\t\t\t\t\t\t\t\t\t\t\t\t\t\t\t\t\t\t\t\t\t\t\t\t\t\t\t\t\t\t\t\t\t\t\t\t\t\t\t<\/ul>\n\t<\/div>\n\t<div class=\"fusion-post-content-wrapper\" style=\"padding:30px 25px 25px 25px;\"><div class=\"fusion-post-content post-content\"><div class=\"fusion-timeline-circle\" style=\"background-color:#f2f3f5;\"><\/div><div class=\"fusion-timeline-arrow\" style=\"color:#f2f3f5;\"><\/div><h2 class=\"blog-shortcode-post-title entry-title\"><a href=\"https:\/\/gresol.org\/es\/off-the-record-al-diari-de-tarragona\/\">\u00abOff the record\u00bb al Diari de Tarragona<\/a><\/h2><div class=\"fusion-post-content-container\"><p>Organitzat des de Gresol Jove, i acompanyats per prop duna cinquantena d'empresaris i empres\u00e0ries del Camp de Tarragona, aquest dimarts 17 de [...]<\/p><\/div><\/div><\/div><div class=\"fusion-clearfix\"><\/div><\/div>\n<\/article>\n<\/div><h3 class=\"fusion-timeline-date\" style=\"background-color:#f2f3f5;\">abril 2024<\/h3><div class=\"fusion-collapse-month\"><article id=\"blog-1-post-2873\" style=\"border-color:#f2f3f5;\" class=\"fusion-post-timeline fusion-clearfix fusion-left-column post-2873 post type-post status-publish format-standard has-post-thumbnail hentry category-sin-categorizar\">\n<div class=\"fusion-post-wrapper\" style=\"background-color:rgba(255,255,255,0);\">\n\n\t\t\t<div class=\"fusion-flexslider flexslider fusion-flexslider-loading fusion-post-slideshow\" style=\"border-color:#f2f3f5;\">\n\t\t<ul class=\"slides\">\n\t\t\t\n\t\t\t\t\t\t\t\t\t\t\t\t\t\t<li><div  class=\"fusion-image-wrapper\" aria-haspopup=\"true\">\n\t\t\t\t<img decoding=\"async\" width=\"1600\" height=\"1200\" src=\"https:\/\/gresol.org\/wp-content\/uploads\/2024\/04\/IMG-20240417-WA0000.jpg\" class=\"attachment-full size-full wp-post-image\" alt=\"\" srcset=\"https:\/\/gresol.org\/wp-content\/uploads\/2024\/04\/IMG-20240417-WA0000-200x150.jpg 200w, https:\/\/gresol.org\/wp-content\/uploads\/2024\/04\/IMG-20240417-WA0000-400x300.jpg 400w, https:\/\/gresol.org\/wp-content\/uploads\/2024\/04\/IMG-20240417-WA0000-600x450.jpg 600w, https:\/\/gresol.org\/wp-content\/uploads\/2024\/04\/IMG-20240417-WA0000-800x600.jpg 800w, https:\/\/gresol.org\/wp-content\/uploads\/2024\/04\/IMG-20240417-WA0000-1200x900.jpg 1200w, https:\/\/gresol.org\/wp-content\/uploads\/2024\/04\/IMG-20240417-WA0000.jpg 1600w\" sizes=\"(max-width: 640px) 100vw, 40vw\" \/><div class=\"fusion-rollover\">\n\t<div class=\"fusion-rollover-content\">\n\n\t\t\t\t\n\t\t\n\t\t\t\t\t\t\t\t\t\t\t\t<h4 class=\"fusion-rollover-title\">\n\t\t\t\t\t<a class=\"fusion-rollover-title-link\" href=\"https:\/\/gresol.org\/es\/presentacio-del-llibre-antes-muerta-que-sin-ia-daurea-rodriguez\/\">\n\t\t\t\t\t\tPresentaci\u00f3 del llibre \u201cANTES MUERTA QUE SIN IA\u201d, d\u2019\u00c0urea Rodr\u00edguez\t\t\t\t\t<\/a>\n\t\t\t\t<\/h4>\n\t\t\t\n\t\t\t\t\t\t\t\t\n\t\t\n\t\t\t\t\t\t<a class=\"fusion-link-wrapper\" href=\"https:\/\/gresol.org\/es\/presentacio-del-llibre-antes-muerta-que-sin-ia-daurea-rodriguez\/\" aria-label=\"Presentaci\u00f3 del llibre \u201cANTES MUERTA QUE SIN IA\u201d, d\u2019\u00c0urea Rodr\u00edguez\"><\/a>\n\t<\/div>\n<\/div>\n<\/div>\n<\/li>\n\t\t\t\n\t\t\t\n\t\t\t\t\t\t\t\t\t\t\t\t\t\t\t\t\t\t\t\t\t\t\t\t\t\t\t\t\t\t\t\t\t\t\t\t\t\t\t\t\t\t\t\t\t\t\t\t\t\t\t\t\t\t\t\t\t\t\t\t\t\t\t\t\t\t\t\t<\/ul>\n\t<\/div>\n\t<div class=\"fusion-post-content-wrapper\" style=\"padding:30px 25px 25px 25px;\"><div class=\"fusion-post-content post-content\"><div class=\"fusion-timeline-circle\" style=\"background-color:#f2f3f5;\"><\/div><div class=\"fusion-timeline-arrow\" style=\"color:#f2f3f5;\"><\/div><h2 class=\"blog-shortcode-post-title entry-title\"><a href=\"https:\/\/gresol.org\/es\/presentacio-del-llibre-antes-muerta-que-sin-ia-daurea-rodriguez\/\">Presentaci\u00f3 del llibre \u201cANTES MUERTA QUE SIN IA\u201d, d\u2019\u00c0urea Rodr\u00edguez<\/a><\/h2><div class=\"fusion-post-content-container\"><p>Gresol, junt amb Redessa Tecno, vam organitzar la presentaci\u00f3 del llibre de l'\u00c0urea Rodr\u00edguez \"Antes muerta que sin IA\". Vam comptar amb [...]<\/p><\/div><\/div><\/div><div class=\"fusion-clearfix\"><\/div><\/div>\n<\/article>\n<\/div><h3 class=\"fusion-timeline-date\" style=\"background-color:#f2f3f5;\">junio 2023<\/h3><div class=\"fusion-collapse-month\"><article id=\"blog-1-post-2491\" style=\"border-color:#f2f3f5;\" class=\"fusion-post-timeline fusion-clearfix fusion-right-column post-2491 post type-post status-publish format-standard has-post-thumbnail hentry category-convenis-es\">\n<div class=\"fusion-post-wrapper\" style=\"background-color:rgba(255,255,255,0);\">\n\n\t\t\t<div class=\"fusion-flexslider flexslider fusion-flexslider-loading fusion-post-slideshow\" style=\"border-color:#f2f3f5;\">\n\t\t<ul class=\"slides\">\n\t\t\t\n\t\t\t\t\t\t\t\t\t\t\t\t\t\t<li><div  class=\"fusion-image-wrapper\" aria-haspopup=\"true\">\n\t\t\t\t<img decoding=\"async\" width=\"2560\" height=\"1562\" src=\"https:\/\/gresol.org\/wp-content\/uploads\/2023\/06\/2023-06-27_Acte_presentacio_Manifest_signants2-scaled.jpg\" class=\"attachment-full size-full wp-post-image\" alt=\"\" srcset=\"https:\/\/gresol.org\/wp-content\/uploads\/2023\/06\/2023-06-27_Acte_presentacio_Manifest_signants2-200x122.jpg 200w, https:\/\/gresol.org\/wp-content\/uploads\/2023\/06\/2023-06-27_Acte_presentacio_Manifest_signants2-400x244.jpg 400w, https:\/\/gresol.org\/wp-content\/uploads\/2023\/06\/2023-06-27_Acte_presentacio_Manifest_signants2-600x366.jpg 600w, https:\/\/gresol.org\/wp-content\/uploads\/2023\/06\/2023-06-27_Acte_presentacio_Manifest_signants2-800x488.jpg 800w, https:\/\/gresol.org\/wp-content\/uploads\/2023\/06\/2023-06-27_Acte_presentacio_Manifest_signants2-1200x732.jpg 1200w, https:\/\/gresol.org\/wp-content\/uploads\/2023\/06\/2023-06-27_Acte_presentacio_Manifest_signants2-scaled.jpg 2560w\" sizes=\"(max-width: 640px) 100vw, 40vw\" \/><div class=\"fusion-rollover\">\n\t<div class=\"fusion-rollover-content\">\n\n\t\t\t\t\n\t\t\n\t\t\t\t\t\t\t\t\t\t\t\t<h4 class=\"fusion-rollover-title\">\n\t\t\t\t\t<a class=\"fusion-rollover-title-link\" href=\"https:\/\/gresol.org\/es\/gresol-sha-adherit-al-manifest-per-una-economia-amb-proposit-i-a-mes-ha-entrat-a-formar-part-del-consell-assessor-de-civic-ai\/\">\n\t\t\t\t\t\tGresol se ha adherido al &#8216;Manifiesto por una Econom\u00eda con Prop\u00f3sito&#8217; y, adem\u00e1s, ha entrado a formar parte del Consejo Social de CIVIC Ai\t\t\t\t\t<\/a>\n\t\t\t\t<\/h4>\n\t\t\t\n\t\t\t\t\t\t\t\t\n\t\t\n\t\t\t\t\t\t<a class=\"fusion-link-wrapper\" href=\"https:\/\/gresol.org\/es\/gresol-sha-adherit-al-manifest-per-una-economia-amb-proposit-i-a-mes-ha-entrat-a-formar-part-del-consell-assessor-de-civic-ai\/\" aria-label=\"Gresol se ha adherido al &#8216;Manifiesto por una Econom\u00eda con Prop\u00f3sito&#8217; y, adem\u00e1s, ha entrado a formar parte del Consejo Social de CIVIC Ai\"><\/a>\n\t<\/div>\n<\/div>\n<\/div>\n<\/li>\n\t\t\t\n\t\t\t\n\t\t\t\t\t\t\t\t\t\t\t\t\t\t\t\t\t\t\t\t\t\t\t\t\t\t\t\t\t\t\t\t\t\t\t\t\t\t\t\t\t\t\t\t\t\t\t\t\t\t\t\t\t\t\t\t\t\t\t\t\t\t\t\t\t\t\t\t<\/ul>\n\t<\/div>\n\t<div class=\"fusion-post-content-wrapper\" style=\"padding:30px 25px 25px 25px;\"><div class=\"fusion-post-content post-content\"><div class=\"fusion-timeline-circle\" style=\"background-color:#f2f3f5;\"><\/div><div class=\"fusion-timeline-arrow\" style=\"color:#f2f3f5;\"><\/div><h2 class=\"blog-shortcode-post-title entry-title\"><a href=\"https:\/\/gresol.org\/es\/gresol-sha-adherit-al-manifest-per-una-economia-amb-proposit-i-a-mes-ha-entrat-a-formar-part-del-consell-assessor-de-civic-ai\/\">Gresol se ha adherido al &#8216;Manifiesto por una Econom\u00eda con Prop\u00f3sito&#8217; y, adem\u00e1s, ha entrado a formar parte del Consejo Social de CIVIC Ai<\/a><\/h2><div class=\"fusion-post-content-container\"><p>\u00daltimamente la Fundaci\u00f3n Gresol se ha sumado a dos iniciativas que pensamos son muy provechosas por nuestras empresas, el territorio y el [...]<\/p><\/div><\/div><\/div><div class=\"fusion-clearfix\"><\/div><\/div>\n<\/article>\n<\/div><h3 class=\"fusion-timeline-date\" style=\"background-color:#f2f3f5;\">febrero 2023<\/h3><div class=\"fusion-collapse-month\"><article id=\"blog-1-post-2199\" style=\"border-color:#f2f3f5;\" class=\"fusion-post-timeline fusion-clearfix fusion-left-column post-2199 post type-post status-publish format-standard has-post-thumbnail hentry category-sin-categorizar\">\n<div class=\"fusion-post-wrapper\" style=\"background-color:rgba(255,255,255,0);\">\n\n\t\t\t<div class=\"fusion-flexslider flexslider fusion-flexslider-loading fusion-post-slideshow\" style=\"border-color:#f2f3f5;\">\n\t\t<ul class=\"slides\">\n\t\t\t\n\t\t\t\t\t\t\t\t\t\t\t\t\t\t<li><div  class=\"fusion-image-wrapper\" aria-haspopup=\"true\">\n\t\t\t\t<img decoding=\"async\" width=\"2560\" height=\"1700\" src=\"https:\/\/gresol.org\/wp-content\/uploads\/2023\/02\/DSC_0100-scaled.jpg\" class=\"attachment-full size-full wp-post-image\" alt=\"\" srcset=\"https:\/\/gresol.org\/wp-content\/uploads\/2023\/02\/DSC_0100-200x133.jpg 200w, https:\/\/gresol.org\/wp-content\/uploads\/2023\/02\/DSC_0100-400x266.jpg 400w, https:\/\/gresol.org\/wp-content\/uploads\/2023\/02\/DSC_0100-600x399.jpg 600w, https:\/\/gresol.org\/wp-content\/uploads\/2023\/02\/DSC_0100-800x531.jpg 800w, https:\/\/gresol.org\/wp-content\/uploads\/2023\/02\/DSC_0100-1200x797.jpg 1200w, https:\/\/gresol.org\/wp-content\/uploads\/2023\/02\/DSC_0100-scaled.jpg 2560w\" sizes=\"(max-width: 640px) 100vw, 40vw\" \/><div class=\"fusion-rollover\">\n\t<div class=\"fusion-rollover-content\">\n\n\t\t\t\t\n\t\t\n\t\t\t\t\t\t\t\t\t\t\t\t<h4 class=\"fusion-rollover-title\">\n\t\t\t\t\t<a class=\"fusion-rollover-title-link\" href=\"https:\/\/gresol.org\/es\/visita-empresarial-centro-de-interpretacion-mas-de-colom\/\">\n\t\t\t\t\t\tVisita empresarial Centro de Interpretaci\u00f3n Mas de Colom\t\t\t\t\t<\/a>\n\t\t\t\t<\/h4>\n\t\t\t\n\t\t\t\t\t\t\t\t\n\t\t\n\t\t\t\t\t\t<a class=\"fusion-link-wrapper\" href=\"https:\/\/gresol.org\/es\/visita-empresarial-centro-de-interpretacion-mas-de-colom\/\" aria-label=\"Visita empresarial Centro de Interpretaci\u00f3n Mas de Colom\"><\/a>\n\t<\/div>\n<\/div>\n<\/div>\n<\/li>\n\t\t\t\n\t\t\t\n\t\t\t\t\t\t\t\t\t\t\t\t\t\t\t\t\t\t\t\t\t\t\t\t\t\t\t\t\t\t\t\t\t\t\t\t\t\t\t\t\t\t\t\t\t\t\t\t\t\t\t\t\t\t\t\t\t\t\t\t\t\t\t\t\t\t\t\t<\/ul>\n\t<\/div>\n\t<div class=\"fusion-post-content-wrapper\" style=\"padding:30px 25px 25px 25px;\"><div class=\"fusion-post-content post-content\"><div class=\"fusion-timeline-circle\" style=\"background-color:#f2f3f5;\"><\/div><div class=\"fusion-timeline-arrow\" style=\"color:#f2f3f5;\"><\/div><h2 class=\"blog-shortcode-post-title entry-title\"><a href=\"https:\/\/gresol.org\/es\/visita-empresarial-centro-de-interpretacion-mas-de-colom\/\">Visita empresarial Centro de Interpretaci\u00f3n Mas de Colom<\/a><\/h2><div class=\"fusion-post-content-container\"><p>El pasado viernes 20 de enero, iniciamos la agenda de actividades de 2023 con una visita al Centro de Interpretaci\u00f3n Agroalimentario Mas [...]<\/p><\/div><\/div><\/div><div class=\"fusion-clearfix\"><\/div><\/div>\n<\/article>\n<\/div><h3 class=\"fusion-timeline-date\" style=\"background-color:#f2f3f5;\">septiembre 2022<\/h3><div class=\"fusion-collapse-month\"><article id=\"blog-1-post-1880\" style=\"border-color:#f2f3f5;\" class=\"fusion-post-timeline fusion-clearfix fusion-right-column post-1880 post type-post status-publish format-standard has-post-thumbnail hentry category-sin-categorizar\">\n<div class=\"fusion-post-wrapper\" style=\"background-color:rgba(255,255,255,0);\">\n\n\t\t\t<div class=\"fusion-flexslider flexslider fusion-flexslider-loading fusion-post-slideshow\" style=\"border-color:#f2f3f5;\">\n\t\t<ul class=\"slides\">\n\t\t\t\n\t\t\t\t\t\t\t\t\t\t\t\t\t\t<li><div  class=\"fusion-image-wrapper\" aria-haspopup=\"true\">\n\t\t\t\t<img decoding=\"async\" width=\"640\" height=\"480\" src=\"https:\/\/gresol.org\/wp-content\/uploads\/2022\/07\/IMG_0837-002.jpg\" class=\"attachment-full size-full wp-post-image\" alt=\"\" srcset=\"https:\/\/gresol.org\/wp-content\/uploads\/2022\/07\/IMG_0837-002-200x150.jpg 200w, https:\/\/gresol.org\/wp-content\/uploads\/2022\/07\/IMG_0837-002-400x300.jpg 400w, https:\/\/gresol.org\/wp-content\/uploads\/2022\/07\/IMG_0837-002-600x450.jpg 600w, https:\/\/gresol.org\/wp-content\/uploads\/2022\/07\/IMG_0837-002.jpg 640w\" sizes=\"(max-width: 640px) 100vw, 40vw\" \/><div class=\"fusion-rollover\">\n\t<div class=\"fusion-rollover-content\">\n\n\t\t\t\t\n\t\t\n\t\t\t\t\t\t\t\t\t\t\t\t<h4 class=\"fusion-rollover-title\">\n\t\t\t\t\t<a class=\"fusion-rollover-title-link\" href=\"https:\/\/gresol.org\/es\/bateig-de-golf-en-infinitum-con-gresol-jove\/\">\n\t\t\t\t\t\tBateig de Golf en Infinitum con Gresol Jove\t\t\t\t\t<\/a>\n\t\t\t\t<\/h4>\n\t\t\t\n\t\t\t\t\t\t\t\t\n\t\t\n\t\t\t\t\t\t<a class=\"fusion-link-wrapper\" href=\"https:\/\/gresol.org\/es\/bateig-de-golf-en-infinitum-con-gresol-jove\/\" aria-label=\"Bateig de Golf en Infinitum con Gresol Jove\"><\/a>\n\t<\/div>\n<\/div>\n<\/div>\n<\/li>\n\t\t\t\n\t\t\t\n\t\t\t\t\t\t\t\t\t\t\t\t\t\t\t\t\t\t\t\t\t\t\t\t\t\t\t\t\t\t\t\t\t\t\t\t\t\t\t\t\t\t\t\t\t\t\t\t\t\t\t\t\t\t\t\t\t\t\t\t\t\t\t\t\t\t\t\t<\/ul>\n\t<\/div>\n\t<div class=\"fusion-post-content-wrapper\" style=\"padding:30px 25px 25px 25px;\"><div class=\"fusion-post-content post-content\"><div class=\"fusion-timeline-circle\" style=\"background-color:#f2f3f5;\"><\/div><div class=\"fusion-timeline-arrow\" style=\"color:#f2f3f5;\"><\/div><h2 class=\"blog-shortcode-post-title entry-title\"><a href=\"https:\/\/gresol.org\/es\/bateig-de-golf-en-infinitum-con-gresol-jove\/\">Bateig de Golf en Infinitum con Gresol Jove<\/a><\/h2><div class=\"fusion-post-content-container\"><p>Infinitum, uno de los m\u00e1s recientes miembros de la Fundaci\u00f3n Crisol, ha ofrecido a algunos de los integrantes de Gresol Joven, un [...]<\/p><\/div><\/div><\/div><div class=\"fusion-clearfix\"><\/div><\/div>\n<\/article>\n<\/div><\/div><\/div><div class=\"pagination clearfix\"><span class=\"current\">1<\/span><a href=\"https:\/\/gresol.org\/es\/wp-json\/wp\/v2\/pages\/982\/page\/2\/\" class=\"inactive\">2<\/a><a class=\"pagination-next\" rel=\"next\" href=\"https:\/\/gresol.org\/es\/wp-json\/wp\/v2\/pages\/982\/page\/2\/\"><span class=\"page-text\">Siguiente<\/span><span class=\"page-next\"><\/span><\/a><\/div><div class=\"fusion-clearfix\"><\/div><\/div><\/div><\/div><\/div><\/div>\n","protected":false},"excerpt":{"rendered":"","protected":false},"author":1,"featured_media":0,"parent":0,"menu_order":0,"comment_status":"closed","ping_status":"closed","template":"100-width.php","meta":{"_price":"","_stock":"","_tribe_ticket_header":"","_tribe_default_ticket_provider":"","_tribe_ticket_capacity":"0","_ticket_start_date":"","_ticket_end_date":"","_tribe_ticket_show_description":"","_tribe_ticket_show_not_going":false,"_tribe_ticket_use_global_stock":"","_tribe_ticket_global_stock_level":"","_global_stock_mode":"","_global_stock_cap":"","_tribe_rsvp_for_event":"","_tribe_ticket_going_count":"","_tribe_ticket_not_going_count":"","_tribe_tickets_list":"[]","_tribe_ticket_has_attendee_info_fields":false,"footnotes":"","_tec_slr_enabled":"","_tec_slr_layout":""},"class_list":["post-982","page","type-page","status-publish","hentry"],"ticketed":false,"_links":{"self":[{"href":"https:\/\/gresol.org\/es\/wp-json\/wp\/v2\/pages\/982","targetHints":{"allow":["GET"]}}],"collection":[{"href":"https:\/\/gresol.org\/es\/wp-json\/wp\/v2\/pages"}],"about":[{"href":"https:\/\/gresol.org\/es\/wp-json\/wp\/v2\/types\/page"}],"author":[{"embeddable":true,"href":"https:\/\/gresol.org\/es\/wp-json\/wp\/v2\/users\/1"}],"replies":[{"embeddable":true,"href":"https:\/\/gresol.org\/es\/wp-json\/wp\/v2\/comments?post=982"}],"version-history":[{"count":1,"href":"https:\/\/gresol.org\/es\/wp-json\/wp\/v2\/pages\/982\/revisions"}],"predecessor-version":[{"id":983,"href":"https:\/\/gresol.org\/es\/wp-json\/wp\/v2\/pages\/982\/revisions\/983"}],"wp:attachment":[{"href":"https:\/\/gresol.org\/es\/wp-json\/wp\/v2\/media?parent=982"}],"curies":[{"name":"wp","href":"https:\/\/api.w.org\/{rel}","templated":true}]}}