{"id":973,"date":"2021-07-21T11:09:18","date_gmt":"2021-07-21T09:09:18","guid":{"rendered":"https:\/\/gresol.org\/premis\/"},"modified":"2026-02-13T13:26:30","modified_gmt":"2026-02-13T12:26:30","slug":"premios","status":"publish","type":"page","link":"https:\/\/gresol.org\/es\/premios\/","title":{"rendered":"Premios"},"content":{"rendered":"<p><div class=\"fusion-bg-parallax\" data-bg-align=\"center top\" data-direction=\"up\" data-mute=\"false\" data-opacity=\"100\" data-velocity=\"-0.5\" data-mobile-enabled=\"true\" data-break_parents=\"0\" data-bg-image=\"https:\/\/gresol.org\/wp-content\/uploads\/2023\/07\/Premis-Gaudi-2023.jpg\" data-bg-repeat=\"false\" data-bg-gradient-type=\"linear\" data-bg-gradient-angle=\"87\" data-bg-gradient-start-color=\"#000000\" data-bg-gradient-start-position=\"6\" data-bg-gradient-end-color=\"rgba(255,255,255,0)\" data-bg-gradient-end-position=\"100\" data-bg-radial-direction=\"center center\" ><\/div><div class=\"fusion-fullwidth fullwidth-box fusion-builder-row-1 fusion-flex-container fusion-parallax-up nonhundred-percent-fullwidth non-hundred-percent-height-scrolling\" style=\"--awb-background-position:center top;--awb-border-radius-top-left:0px;--awb-border-radius-top-right:0px;--awb-border-radius-bottom-right:0px;--awb-border-radius-bottom-left:0px;--awb-padding-top:230px;--awb-padding-bottom:230px;--awb-margin-top:0px;--awb-background-image:linear-gradient(87deg, #000000 6%,rgba(255,255,255,0) 100%),url(https:\/\/gresol.org\/wp-content\/uploads\/2023\/07\/Premis-Gaudi-2023.jpg);;--awb-background-size:cover;--awb-flex-wrap:wrap;\" ><div class=\"fusion-builder-row fusion-row fusion-flex-align-items-flex-start fusion-flex-content-wrap\" style=\"max-width:1248px;margin-left: calc(-4% \/ 2 );margin-right: calc(-4% \/ 2 );\"><div class=\"fusion-layout-column fusion_builder_column fusion-builder-column-0 fusion_builder_column_1_2 1_2 fusion-flex-column fusion-animated\" style=\"--awb-bg-size:cover;--awb-width-large:50%;--awb-margin-top-large:0px;--awb-spacing-right-large:3.84%;--awb-margin-bottom-large:20px;--awb-spacing-left-large:3.84%;--awb-width-medium:50%;--awb-order-medium:0;--awb-spacing-right-medium:3.84%;--awb-spacing-left-medium:3.84%;--awb-width-small:100%;--awb-order-small:0;--awb-spacing-right-small:1.92%;--awb-spacing-left-small:1.92%;\" data-animationType=\"slideInLeft\" data-animationDuration=\"0.7\" data-animationOffset=\"top-into-view\"><div class=\"fusion-column-wrapper fusion-column-has-shadow fusion-flex-justify-content-flex-start fusion-content-layout-column\"><div class=\"fusion-image-element \" style=\"--awb-margin-bottom:50px;--awb-max-width:300px;--awb-caption-title-font-family:var(--h2_typography-font-family);--awb-caption-title-font-weight:var(--h2_typography-font-weight);--awb-caption-title-font-style:var(--h2_typography-font-style);--awb-caption-title-size:var(--h2_typography-font-size);--awb-caption-title-transform:var(--h2_typography-text-transform);--awb-caption-title-line-height:var(--h2_typography-line-height);--awb-caption-title-letter-spacing:var(--h2_typography-letter-spacing);\"><span class=\" fusion-imageframe imageframe-none imageframe-1 hover-type-none\"><img decoding=\"async\" width=\"400\" height=\"145\" title=\"Recurso 15\" src=\"https:\/\/gresol.org\/wp-content\/uploads\/2022\/05\/Recurso-15-1.png\" alt class=\"img-responsive wp-image-1104\" srcset=\"https:\/\/gresol.org\/wp-content\/uploads\/2022\/05\/Recurso-15-1-200x73.png 200w, https:\/\/gresol.org\/wp-content\/uploads\/2022\/05\/Recurso-15-1.png 400w\" sizes=\"(max-width: 640px) 100vw, 400px\" \/><\/span><\/div><div class=\"fusion-title title fusion-title-1 fusion-sep-none fusion-title-text fusion-title-size-two\"><h2 class=\"fusion-title-heading title-heading-left\" style=\"margin:0;\">Gaud\u00ed Gresol<\/h2><\/div><div class=\"fusion-text fusion-text-1\" style=\"--awb-text-transform:none;--awb-text-color:#ffffff;\"><p class=\"p1\"><span style=\"font-weight: 400;\">Los Premios Gaud\u00ed Gresol a la Notoriedad y la Excelencia se celebran cada a\u00f1o, desde el 2007, en la ciudad de Reus para hacer un reconocimiento a diez personalidades relevantes que se han convertido en referentes para los empresarios y para la sociedad civil. El 1 de julio de 2022 se llega a la XV edici\u00f3n.<\/span><\/p>\n<\/div><\/div><\/div><div class=\"fusion-layout-column fusion_builder_column fusion-builder-column-1 fusion_builder_column_1_1 1_1 fusion-flex-column fusion-animated\" style=\"--awb-padding-right:34px;--awb-padding-bottom:20px;--awb-padding-left:34px;--awb-bg-color:rgba(255,255,255,0.86);--awb-bg-color-hover:rgba(255,255,255,0.86);--awb-bg-size:cover;--awb-width-large:100%;--awb-margin-top-large:0px;--awb-spacing-right-large:1.92%;--awb-margin-bottom-large:20px;--awb-spacing-left-large:1.728%;--awb-width-medium:100%;--awb-order-medium:0;--awb-spacing-right-medium:1.92%;--awb-spacing-left-medium:1.728%;--awb-width-small:100%;--awb-order-small:0;--awb-spacing-right-small:1.92%;--awb-spacing-left-small:1.92%;\" data-animationType=\"slideInLeft\" data-animationDuration=\"0.7\" data-animationOffset=\"top-into-view\"><div class=\"fusion-column-wrapper fusion-column-has-shadow fusion-flex-justify-content-flex-start fusion-content-layout-column\"><div class=\"fusion-events-shortcode fusion-events-shortcode-1 fusion-events-pagination-pagination\" style=\"margin-left: -20px;margin-right: -20px;\"><div class=\"fusion-events-wrapper\" data-pages=\"7\"><div class=\"fusion-events-post fusion-spacing-no fusion-one-third fusion-layout-column\" style=\"padding:20px\"><div class=\"fusion-column-wrapper\"><div class=\"fusion-events-thumbnail hover-type-liftup\"><a href=\"https:\/\/gresol.org\/es\/event\/xxviii-premis-gaudi-gresol\/\" class=\"url\" rel=\"bookmark\" aria-label=\"XVIII Premios Gaud\u00ed Gresol\"><span class=\"tribe-events-event-image\" style=\"background-image: url(https:\/\/gresol.org\/wp-content\/uploads\/2025\/01\/XVIII-Premis-Gaudi-Gresol-261-scaled.jpg); -webkit-background-size: cover; background-size: cover; background-position: center center;\"><\/span><\/a><\/div><div class=\"fusion-events-content-wrapper\" style=\"padding:20px 20px 20px 20px;\"><div class=\"fusion-events-meta\"><h2><a href=\"https:\/\/gresol.org\/es\/event\/xxviii-premis-gaudi-gresol\/\" class=\"url\" rel=\"bookmark\">XVIII Premios Gaud\u00ed Gresol<\/a><\/h2><h4><span class=\"tribe-event-date-start\">12 junio, 2025\u00b7 19:00<\/span> - <span class=\"tribe-event-time\">23:30<\/span><\/h4><\/div><\/div><\/div><\/div><div class=\"fusion-events-post fusion-spacing-no fusion-one-third fusion-layout-column\" style=\"padding:20px\"><div class=\"fusion-column-wrapper\"><div class=\"fusion-events-thumbnail hover-type-liftup\"><a href=\"https:\/\/gresol.org\/es\/event\/xvii-premis-gaudi-gresol\/\" class=\"url\" rel=\"bookmark\" aria-label=\"XVII Premis Gaud\u00ed Gresol\"><span class=\"tribe-events-event-image\" style=\"background-image: url(https:\/\/gresol.org\/wp-content\/uploads\/2024\/05\/fotos-PremisGG3-scaled.jpg); -webkit-background-size: cover; background-size: cover; background-position: center center;\"><\/span><\/a><\/div><div class=\"fusion-events-content-wrapper\" style=\"padding:20px 20px 20px 20px;\"><div class=\"fusion-events-meta\"><h2><a href=\"https:\/\/gresol.org\/es\/event\/xvii-premis-gaudi-gresol\/\" class=\"url\" rel=\"bookmark\">XVII Premis Gaud\u00ed Gresol<\/a><\/h2><h4><span class=\"tribe-event-date-start\">13 junio, 2024\u00b7 19:00<\/span> - <span class=\"tribe-event-time\">23:00<\/span><\/h4><\/div><\/div><\/div><\/div><div class=\"fusion-events-post fusion-spacing-no fusion-one-third fusion-layout-column fusion-column-last\" style=\"padding:20px\"><div class=\"fusion-column-wrapper\"><div class=\"fusion-events-thumbnail hover-type-liftup\"><a href=\"https:\/\/gresol.org\/es\/event\/xvi-premis-gaudi-gresol-2023\/\" class=\"url\" rel=\"bookmark\" aria-label=\"XVI Premios Gaud\u00ed Gresol 2023\"><span class=\"tribe-events-event-image\" style=\"background-image: url(https:\/\/gresol.org\/wp-content\/uploads\/2023\/02\/gresol-7-scaled.jpg); -webkit-background-size: cover; background-size: cover; background-position: center center;\"><\/span><\/a><\/div><div class=\"fusion-events-content-wrapper\" style=\"padding:20px 20px 20px 20px;\"><div class=\"fusion-events-meta\"><h2><a href=\"https:\/\/gresol.org\/es\/event\/xvi-premis-gaudi-gresol-2023\/\" class=\"url\" rel=\"bookmark\">XVI Premios Gaud\u00ed Gresol 2023<\/a><\/h2><h4><span class=\"tribe-event-date-start\">15 junio, 2023\u00b7 19:00<\/span> - <span class=\"tribe-event-time\">23:00<\/span><\/h4><\/div><\/div><\/div><\/div><div class=\"fusion-clearfix\"><\/div><div class=\"fusion-clearfix\"><\/div><\/div><div class=\"pagination clearfix\"><span class=\"current\">1<\/span><a href=\"https:\/\/gresol.org\/es\/wp-json\/wp\/v2\/pages\/973\/page\/2\/\" class=\"inactive\">2<\/a><a class=\"pagination-next\" rel=\"next\" href=\"https:\/\/gresol.org\/es\/wp-json\/wp\/v2\/pages\/973\/page\/2\/\"><span class=\"page-text\">Siguiente<\/span><span class=\"page-next\"><\/span><\/a><\/div><div class=\"fusion-clearfix\"><\/div><\/div><\/div><\/div><\/div><\/div><div class=\"fusion-fullwidth fullwidth-box fusion-builder-row-2 fusion-flex-container nonhundred-percent-fullwidth non-hundred-percent-height-scrolling\" style=\"--awb-border-radius-top-left:0px;--awb-border-radius-top-right:0px;--awb-border-radius-bottom-right:0px;--awb-border-radius-bottom-left:0px;--awb-padding-top:200px;--awb-padding-bottom:200px;--awb-margin-top:0px;--awb-flex-wrap:wrap;\" ><div class=\"fusion-builder-row fusion-row fusion-flex-align-items-center fusion-flex-content-wrap\" style=\"max-width:1248px;margin-left: calc(-4% \/ 2 );margin-right: calc(-4% \/ 2 );\"><div class=\"fusion-layout-column fusion_builder_column fusion-builder-column-2 fusion_builder_column_1_2 1_2 fusion-flex-column fusion-animated\" style=\"--awb-bg-size:cover;--awb-width-large:50%;--awb-margin-top-large:0px;--awb-spacing-right-large:3.84%;--awb-margin-bottom-large:20px;--awb-spacing-left-large:3.84%;--awb-width-medium:50%;--awb-order-medium:0;--awb-spacing-right-medium:3.84%;--awb-spacing-left-medium:3.84%;--awb-width-small:100%;--awb-order-small:0;--awb-spacing-right-small:1.92%;--awb-spacing-left-small:1.92%;\" data-animationType=\"zoomIn\" data-animationDuration=\"1.0\" data-animationOffset=\"top-into-view\"><div class=\"fusion-column-wrapper fusion-column-has-shadow fusion-flex-justify-content-flex-start fusion-content-layout-column\"><div class=\"fusion-image-element \" style=\"text-align:center;--awb-max-width:320px;--awb-caption-title-font-family:var(--h2_typography-font-family);--awb-caption-title-font-weight:var(--h2_typography-font-weight);--awb-caption-title-font-style:var(--h2_typography-font-style);--awb-caption-title-size:var(--h2_typography-font-size);--awb-caption-title-transform:var(--h2_typography-text-transform);--awb-caption-title-line-height:var(--h2_typography-line-height);--awb-caption-title-letter-spacing:var(--h2_typography-letter-spacing);\"><span class=\" fusion-imageframe imageframe-none imageframe-2 hover-type-none\"><img decoding=\"async\" width=\"1080\" height=\"1080\" title=\"RENDER GAURD\u00d3 FONS BLANC\" src=\"https:\/\/gresol.org\/wp-content\/uploads\/2022\/05\/RENDER-GAURDO-FONS-BLANC.jpg\" alt class=\"img-responsive wp-image-1100\" srcset=\"https:\/\/gresol.org\/wp-content\/uploads\/2022\/05\/RENDER-GAURDO-FONS-BLANC-200x200.jpg 200w, https:\/\/gresol.org\/wp-content\/uploads\/2022\/05\/RENDER-GAURDO-FONS-BLANC-400x400.jpg 400w, https:\/\/gresol.org\/wp-content\/uploads\/2022\/05\/RENDER-GAURDO-FONS-BLANC-600x600.jpg 600w, https:\/\/gresol.org\/wp-content\/uploads\/2022\/05\/RENDER-GAURDO-FONS-BLANC-800x800.jpg 800w, https:\/\/gresol.org\/wp-content\/uploads\/2022\/05\/RENDER-GAURDO-FONS-BLANC.jpg 1080w\" sizes=\"(max-width: 640px) 100vw, 600px\" \/><\/span><\/div><div class=\"fusion-video fusion-youtube\" style=\"--awb-max-width:600px;--awb-max-height:360px;\"><div class=\"video-shortcode\"><div class=\"fluid-width-video-wrapper\" style=\"padding-top:60%;\" ><iframe title=\"YouTube video player 1\" src=\"https:\/\/www.youtube.com\/embed\/OZk71hbAJZU?wmode=transparent&autoplay=0\" width=\"600\" height=\"360\" allowfullscreen allow=\"autoplay; clipboard-write; encrypted-media; gyroscope; picture-in-picture;\"><\/iframe><\/div><\/div><\/div><\/div><\/div><div class=\"fusion-layout-column fusion_builder_column fusion-builder-column-3 fusion_builder_column_1_2 1_2 fusion-flex-column fusion-animated\" style=\"--awb-bg-size:cover;--awb-width-large:50%;--awb-margin-top-large:0px;--awb-spacing-right-large:3.84%;--awb-margin-bottom-large:20px;--awb-spacing-left-large:3.84%;--awb-width-medium:50%;--awb-order-medium:0;--awb-spacing-right-medium:3.84%;--awb-spacing-left-medium:3.84%;--awb-width-small:100%;--awb-order-small:0;--awb-spacing-right-small:1.92%;--awb-spacing-left-small:1.92%;\" data-animationType=\"fadeInRight\" data-animationDuration=\"0.6\" data-animationOffset=\"top-into-view\"><div class=\"fusion-column-wrapper fusion-column-has-shadow fusion-flex-justify-content-flex-start fusion-content-layout-column\"><div class=\"fusion-image-element \" style=\"--awb-margin-bottom:50px;--awb-max-width:300px;--awb-caption-title-font-family:var(--h2_typography-font-family);--awb-caption-title-font-weight:var(--h2_typography-font-weight);--awb-caption-title-font-style:var(--h2_typography-font-style);--awb-caption-title-size:var(--h2_typography-font-size);--awb-caption-title-transform:var(--h2_typography-text-transform);--awb-caption-title-line-height:var(--h2_typography-line-height);--awb-caption-title-letter-spacing:var(--h2_typography-letter-spacing);\"><span class=\" fusion-imageframe imageframe-none imageframe-3 hover-type-none\"><img decoding=\"async\" width=\"400\" height=\"153\" title=\"Recurso 15\" src=\"https:\/\/gresol.org\/wp-content\/uploads\/2022\/05\/Recurso-15.png\" alt class=\"img-responsive wp-image-1102\" srcset=\"https:\/\/gresol.org\/wp-content\/uploads\/2022\/05\/Recurso-15-200x77.png 200w, https:\/\/gresol.org\/wp-content\/uploads\/2022\/05\/Recurso-15.png 400w\" sizes=\"(max-width: 640px) 100vw, 400px\" \/><\/span><\/div><div class=\"fusion-title title fusion-title-2 fusion-sep-none fusion-title-text fusion-title-size-two\" style=\"--awb-text-color:#000000;\"><h2 class=\"fusion-title-heading title-heading-left\" style=\"margin:0;\"><strong>Premios al talento emprendedor<\/strong><\/h2><\/div><div class=\"fusion-text fusion-text-2\" style=\"--awb-text-transform:none;\"><p class=\"p1\"><span style=\"font-weight: 400;\">El grupo de Gresol Joven hace un reconocimiento a j\u00f3venes emprendedores de nuestra zona que han destacado por un proyecto o idea en concreto. A propuesta de un jurado formado por representantes de la URV, la Diputaci\u00f3n de Tarragona e Ibercaja, se premia el talento en los campos tecnol\u00f3gico, de marketing y acad\u00e9mico. Un espacio id\u00f3neo para potenciar el networking y establecer sinergias entre los j\u00f3venes empresarios.<\/span><\/p>\n<\/div><\/div><\/div><div class=\"fusion-layout-column fusion_builder_column fusion-builder-column-4 fusion_builder_column_1_1 1_1 fusion-flex-column fusion-animated\" style=\"--awb-padding-right:34px;--awb-padding-left:34px;--awb-bg-color:rgba(255,255,255,0.86);--awb-bg-color-hover:rgba(255,255,255,0.86);--awb-bg-size:cover;--awb-width-large:100%;--awb-margin-top-large:0px;--awb-spacing-right-large:1.92%;--awb-margin-bottom-large:20px;--awb-spacing-left-large:1.728%;--awb-width-medium:100%;--awb-order-medium:0;--awb-spacing-right-medium:1.92%;--awb-spacing-left-medium:1.728%;--awb-width-small:100%;--awb-order-small:0;--awb-spacing-right-small:1.92%;--awb-spacing-left-small:1.92%;\" data-animationType=\"slideInLeft\" data-animationDuration=\"0.7\" data-animationOffset=\"top-into-view\"><div class=\"fusion-column-wrapper fusion-column-has-shadow fusion-flex-justify-content-flex-start fusion-content-layout-column\"><div class=\"fusion-events-shortcode fusion-events-shortcode-2 fusion-events-pagination-pagination\" style=\"margin-left: -20px;margin-right: -20px;\"><div class=\"fusion-events-wrapper\" data-pages=\"7\"><div class=\"fusion-events-post fusion-spacing-no fusion-one-third fusion-layout-column\" style=\"padding:20px\"><div class=\"fusion-column-wrapper\"><div class=\"fusion-events-thumbnail hover-type-liftup\"><a href=\"https:\/\/gresol.org\/es\/event\/xi-premis-gresol-talent-emprenedor\/\" class=\"url\" rel=\"bookmark\" aria-label=\"XI Premis Gresol Talent Emprenedor\"><span class=\"tribe-events-event-image\" style=\"background-image: url(https:\/\/gresol.org\/wp-content\/uploads\/2026\/03\/Cartell-Premis-Gresol-Emprenedor-2026_page-0001.jpg); -webkit-background-size: cover; background-size: cover; background-position: center center;\"><\/span><\/a><\/div><div class=\"fusion-events-content-wrapper\" style=\"padding:20px 20px 20px 20px;\"><div class=\"fusion-events-meta\"><h2><a href=\"https:\/\/gresol.org\/es\/event\/xi-premis-gresol-talent-emprenedor\/\" class=\"url\" rel=\"bookmark\">XI Premis Gresol Talent Emprenedor<\/a><\/h2><h4><span class=\"tribe-event-date-start\">21 abril\u00b7 18:00<\/span> - <span class=\"tribe-event-time\">21:00<\/span><\/h4><\/div><\/div><\/div><\/div><div class=\"fusion-events-post fusion-spacing-no fusion-one-third fusion-layout-column\" style=\"padding:20px\"><div class=\"fusion-column-wrapper\"><div class=\"fusion-events-thumbnail hover-type-liftup\"><a href=\"https:\/\/gresol.org\/es\/event\/x-premis-talent-emprenedor\/\" class=\"url\" rel=\"bookmark\" aria-label=\"X Premis Talent Emprenedor\"><span class=\"tribe-events-event-image\" style=\"background-image: url(https:\/\/gresol.org\/wp-content\/uploads\/2025\/01\/DSC_0678-scaled.jpg); -webkit-background-size: cover; background-size: cover; background-position: center center;\"><\/span><\/a><\/div><div class=\"fusion-events-content-wrapper\" style=\"padding:20px 20px 20px 20px;\"><div class=\"fusion-events-meta\"><h2><a href=\"https:\/\/gresol.org\/es\/event\/x-premis-talent-emprenedor\/\" class=\"url\" rel=\"bookmark\">X Premis Talent Emprenedor<\/a><\/h2><h4><span class=\"tribe-event-date-start\">10 abril, 2025\u00b7 18:00<\/span> - <span class=\"tribe-event-time\">20:30<\/span><\/h4><\/div><\/div><\/div><\/div><div class=\"fusion-events-post fusion-spacing-no fusion-one-third fusion-layout-column fusion-column-last\" style=\"padding:20px\"><div class=\"fusion-column-wrapper\"><div class=\"fusion-events-thumbnail hover-type-liftup\"><a href=\"https:\/\/gresol.org\/es\/event\/ix-premis-talent-emprenedor\/\" class=\"url\" rel=\"bookmark\" aria-label=\"IX Premios Talento Emprendedor\"><span class=\"tribe-events-event-image\" style=\"background-image: url(https:\/\/gresol.org\/wp-content\/uploads\/2024\/03\/20240418_202111-scaled.jpg); -webkit-background-size: cover; background-size: cover; background-position: center center;\"><\/span><\/a><\/div><div class=\"fusion-events-content-wrapper\" style=\"padding:20px 20px 20px 20px;\"><div class=\"fusion-events-meta\"><h2><a href=\"https:\/\/gresol.org\/es\/event\/ix-premis-talent-emprenedor\/\" class=\"url\" rel=\"bookmark\">IX Premios Talento Emprendedor<\/a><\/h2><h4><span class=\"tribe-event-date-start\">18 abril, 2024\u00b7 19:00<\/span> - <span class=\"tribe-event-time\">22:00<\/span><\/h4><\/div><\/div><\/div><\/div><div class=\"fusion-clearfix\"><\/div><div class=\"fusion-clearfix\"><\/div><\/div><div class=\"pagination clearfix\"><span class=\"current\">1<\/span><a href=\"https:\/\/gresol.org\/es\/wp-json\/wp\/v2\/pages\/973\/page\/2\/\" class=\"inactive\">2<\/a><a class=\"pagination-next\" rel=\"next\" href=\"https:\/\/gresol.org\/es\/wp-json\/wp\/v2\/pages\/973\/page\/2\/\"><span class=\"page-text\">Siguiente<\/span><span class=\"page-next\"><\/span><\/a><\/div><div class=\"fusion-clearfix\"><\/div><\/div><\/div><\/div><\/div><\/div><div class=\"fusion-bg-parallax\" data-bg-align=\"center top\" data-direction=\"up\" data-mute=\"false\" data-opacity=\"100\" data-velocity=\"-0.5\" data-mobile-enabled=\"true\" data-break_parents=\"0\" data-bg-image=\"https:\/\/gresol.org\/wp-content\/uploads\/2021\/08\/gran_gresol_2_20140527_1022498599.jpg\" data-bg-repeat=\"false\" data-bg-color=\"rgba(0,0,0,0.47)\" data-blend-mode=\"multiply\" data-bg-gradient-type=\"linear\" data-bg-gradient-angle=\"43\" data-bg-gradient-start-color=\"#000000\" data-bg-gradient-start-position=\"0\" data-bg-gradient-end-color=\"rgba(255,255,255,0)\" data-bg-gradient-end-position=\"100\" data-bg-radial-direction=\"center center\" ><\/div><div class=\"fusion-fullwidth fullwidth-box fusion-builder-row-3 fusion-flex-container fusion-parallax-up nonhundred-percent-fullwidth non-hundred-percent-height-scrolling\" style=\"--awb-background-position:center top;--awb-background-blend-mode:multiply;--awb-border-radius-top-left:0px;--awb-border-radius-top-right:0px;--awb-border-radius-bottom-right:0px;--awb-border-radius-bottom-left:0px;--awb-padding-top:200px;--awb-padding-bottom:200px;--awb-margin-top:0px;--awb-background-color:rgba(0,0,0,0.47);--awb-background-image:linear-gradient(43deg, #000000 0%,rgba(255,255,255,0) 100%),url(https:\/\/gresol.org\/wp-content\/uploads\/2021\/08\/gran_gresol_2_20140527_1022498599.jpg);;--awb-background-size:cover;--awb-flex-wrap:wrap;\" ><div class=\"fusion-builder-row fusion-row fusion-flex-align-items-flex-start fusion-flex-content-wrap\" style=\"max-width:1248px;margin-left: calc(-4% \/ 2 );margin-right: calc(-4% \/ 2 );\"><div class=\"fusion-layout-column fusion_builder_column fusion-builder-column-5 fusion_builder_column_1_2 1_2 fusion-flex-column fusion-animated\" style=\"--awb-bg-size:cover;--awb-width-large:50%;--awb-margin-top-large:0px;--awb-spacing-right-large:3.84%;--awb-margin-bottom-large:20px;--awb-spacing-left-large:3.84%;--awb-width-medium:50%;--awb-order-medium:0;--awb-spacing-right-medium:3.84%;--awb-spacing-left-medium:3.84%;--awb-width-small:100%;--awb-order-small:0;--awb-spacing-right-small:1.92%;--awb-spacing-left-small:1.92%;\" data-animationType=\"fadeInLeft\" data-animationDuration=\"0.7\" data-animationOffset=\"top-into-view\"><div class=\"fusion-column-wrapper fusion-column-has-shadow fusion-flex-justify-content-flex-start fusion-content-layout-column\"><div class=\"fusion-image-element \" style=\"--awb-margin-bottom:50px;--awb-max-width:300px;--awb-caption-title-font-family:var(--h2_typography-font-family);--awb-caption-title-font-weight:var(--h2_typography-font-weight);--awb-caption-title-font-style:var(--h2_typography-font-style);--awb-caption-title-size:var(--h2_typography-font-size);--awb-caption-title-transform:var(--h2_typography-text-transform);--awb-caption-title-line-height:var(--h2_typography-line-height);--awb-caption-title-letter-spacing:var(--h2_typography-letter-spacing);\"><span class=\" fusion-imageframe imageframe-none imageframe-4 hover-type-none\"><img decoding=\"async\" width=\"400\" height=\"142\" title=\"Recurso 9\" src=\"https:\/\/gresol.org\/wp-content\/uploads\/2022\/05\/Recurso-9.png\" alt class=\"img-responsive wp-image-1115\" srcset=\"https:\/\/gresol.org\/wp-content\/uploads\/2022\/05\/Recurso-9-200x71.png 200w, https:\/\/gresol.org\/wp-content\/uploads\/2022\/05\/Recurso-9.png 400w\" sizes=\"(max-width: 640px) 100vw, 400px\" \/><\/span><\/div><div class=\"fusion-title title fusion-title-3 fusion-sep-none fusion-title-text fusion-title-size-two\"><h2 class=\"fusion-title-heading title-heading-left\" style=\"margin:0;\">Gran Gaud\u00ed Gresol<\/h2><\/div><div class=\"fusion-text fusion-text-3\" style=\"--awb-text-transform:none;--awb-text-color:#ffffff;\"><p class=\"p1\"><span style=\"font-weight: 400;\">Es el m\u00e1s alto reconocimiento que hacemos desde hace m\u00e1s de veinticinco a\u00f1os a una destacada personalidad que desarrolla una actividad reconocida a nivel internacional. Han recibido este premio personalidades como J.A. Samaranch, Valent\u00ed Fuster, Vicente Ferrer, Rafa Nadal, Javier Solana, Pedro Alonso, Ignacio Cirac, Fray Lluc Torcal, Jaume Plensa, Edurne Pasaban, etc.<\/span><\/p>\n<\/div><div class=\"fusion-video fusion-youtube\" style=\"--awb-max-width:600px;--awb-max-height:360px;\"><div class=\"video-shortcode\"><div class=\"fluid-width-video-wrapper\" style=\"padding-top:60%;\" ><iframe title=\"YouTube video player 2\" src=\"https:\/\/www.youtube.com\/embed\/FE2QP5ArnhA?wmode=transparent&autoplay=0\" width=\"600\" height=\"360\" allowfullscreen allow=\"autoplay; clipboard-write; encrypted-media; gyroscope; picture-in-picture;\"><\/iframe><\/div><\/div><\/div><div ><a class=\"fusion-button button-flat fusion-button-default-size button-default fusion-button-default button-1 fusion-button-default-span fusion-button-default-type\" target=\"_self\" href=\"https:\/\/gresol.org\/wp-content\/uploads\/2026\/02\/Gran-Gaudi-Gresol-Digital-Fulleto.pdf\"><span class=\"fusion-button-text awb-button__text awb-button__text--default\">Fullet\u00f3<\/span><\/a><\/div><\/div><\/div><div class=\"fusion-layout-column fusion_builder_column fusion-builder-column-6 fusion_builder_column_1_1 1_1 fusion-flex-column fusion-animated\" style=\"--awb-padding-right:34px;--awb-padding-bottom:23px;--awb-padding-left:34px;--awb-bg-color:rgba(255,255,255,0.86);--awb-bg-color-hover:rgba(255,255,255,0.86);--awb-bg-size:cover;--awb-width-large:100%;--awb-margin-top-large:0px;--awb-spacing-right-large:1.92%;--awb-margin-bottom-large:20px;--awb-spacing-left-large:1.728%;--awb-width-medium:100%;--awb-order-medium:0;--awb-spacing-right-medium:1.92%;--awb-spacing-left-medium:1.728%;--awb-width-small:100%;--awb-order-small:0;--awb-spacing-right-small:1.92%;--awb-spacing-left-small:1.92%;\" data-animationType=\"slideInLeft\" data-animationDuration=\"0.7\" data-animationOffset=\"top-into-view\"><div class=\"fusion-column-wrapper fusion-column-has-shadow fusion-flex-justify-content-flex-start fusion-content-layout-column\"><div class=\"fusion-events-shortcode fusion-events-shortcode-3 fusion-events-pagination-pagination\" style=\"margin-left: -20px;margin-right: -20px;\"><div class=\"fusion-events-wrapper\" data-pages=\"8\"><div class=\"fusion-events-post fusion-spacing-no fusion-one-third fusion-layout-column\" style=\"padding:20px\"><div class=\"fusion-column-wrapper\"><div class=\"fusion-events-thumbnail hover-type-liftup\"><a href=\"https:\/\/gresol.org\/es\/event\/xxix-gran-gaudi-gresol-sr-amancio-lopez-seijas\/\" class=\"url\" rel=\"bookmark\" aria-label=\"XXIX Gran Gaud\u00ed Gresol, Sr. Amancio L\u00f3pez Seijas.\"><span class=\"tribe-events-event-image\" style=\"background-image: url(https:\/\/gresol.org\/wp-content\/uploads\/2026\/03\/DSC_0836-scaled.jpg); -webkit-background-size: cover; background-size: cover; background-position: center center;\"><\/span><\/a><\/div><div class=\"fusion-events-content-wrapper\" style=\"padding:20px 20px 20px 20px;\"><div class=\"fusion-events-meta\"><h2><a href=\"https:\/\/gresol.org\/es\/event\/xxix-gran-gaudi-gresol-sr-amancio-lopez-seijas\/\" class=\"url\" rel=\"bookmark\">XXIX Gran Gaud\u00ed Gresol, Sr. Amancio L\u00f3pez Seijas.<\/a><\/h2><h4><span class=\"tribe-event-date-start\">3 marzo\u00b7 08:00<\/span> - <span class=\"tribe-event-time\">17:00<\/span><\/h4><\/div><\/div><\/div><\/div><div class=\"fusion-events-post fusion-spacing-no fusion-one-third fusion-layout-column\" style=\"padding:20px\"><div class=\"fusion-column-wrapper\"><div class=\"fusion-events-thumbnail hover-type-liftup\"><a href=\"https:\/\/gresol.org\/es\/event\/xxviii-premi-gran-gresol-sr-carlos-sainz\/\" class=\"url\" rel=\"bookmark\" aria-label=\"XXVIII Premi Gran Gresol, Sr. Carlos Sainz\"><span class=\"tribe-events-event-image\" style=\"background-image: url(https:\/\/gresol.org\/wp-content\/uploads\/2025\/07\/28e-Gran-Gresol-a-Carlos-Sainz-15.jpg); -webkit-background-size: cover; background-size: cover; background-position: center center;\"><\/span><\/a><\/div><div class=\"fusion-events-content-wrapper\" style=\"padding:20px 20px 20px 20px;\"><div class=\"fusion-events-meta\"><h2><a href=\"https:\/\/gresol.org\/es\/event\/xxviii-premi-gran-gresol-sr-carlos-sainz\/\" class=\"url\" rel=\"bookmark\">XXVIII Premi Gran Gresol, Sr. Carlos Sainz<\/a><\/h2><h4><span class=\"tribe-event-date-start\">24 junio, 2025\u00b7 08:00<\/span> - <span class=\"tribe-event-time\">17:00<\/span><\/h4><\/div><\/div><\/div><\/div><div class=\"fusion-events-post fusion-spacing-no fusion-one-third fusion-layout-column fusion-column-last\" style=\"padding:20px\"><div class=\"fusion-column-wrapper\"><div class=\"fusion-events-thumbnail hover-type-liftup\"><a href=\"https:\/\/gresol.org\/es\/event\/xxvii-premi-gran-gresol-dr-armand-puig\/\" class=\"url\" rel=\"bookmark\" aria-label=\"XXVII Premi Gran Gresol, Dr. Armand Puig\"><span class=\"tribe-events-event-image\" style=\"background-image: url(https:\/\/gresol.org\/wp-content\/uploads\/2025\/02\/27e-Premi-Gran-Gresol-42.jpg); -webkit-background-size: cover; background-size: cover; background-position: center center;\"><\/span><\/a><\/div><div class=\"fusion-events-content-wrapper\" style=\"padding:20px 20px 20px 20px;\"><div class=\"fusion-events-meta\"><h2><a href=\"https:\/\/gresol.org\/es\/event\/xxvii-premi-gran-gresol-dr-armand-puig\/\" class=\"url\" rel=\"bookmark\">XXVII Premi Gran Gresol, Dr. Armand Puig<\/a><\/h2><h4><span class=\"tribe-event-date-start\">26 febrero, 2025\u00b7 08:00<\/span> - <span class=\"tribe-event-time\">17:00<\/span><\/h4><\/div><\/div><\/div><\/div><div class=\"fusion-clearfix\"><\/div><div class=\"fusion-clearfix\"><\/div><\/div><div class=\"pagination clearfix\"><span class=\"current\">1<\/span><a href=\"https:\/\/gresol.org\/es\/wp-json\/wp\/v2\/pages\/973\/page\/2\/\" class=\"inactive\">2<\/a><a class=\"pagination-next\" rel=\"next\" href=\"https:\/\/gresol.org\/es\/wp-json\/wp\/v2\/pages\/973\/page\/2\/\"><span class=\"page-text\">Siguiente<\/span><span class=\"page-next\"><\/span><\/a><\/div><div class=\"fusion-clearfix\"><\/div><\/div><\/div><\/div><\/div><\/div><\/p>\n","protected":false},"excerpt":{"rendered":"","protected":false},"author":1,"featured_media":0,"parent":0,"menu_order":0,"comment_status":"closed","ping_status":"closed","template":"100-width.php","meta":{"_price":"","_stock":"","_tribe_ticket_header":"","_tribe_default_ticket_provider":"TEC\\Tickets\\Commerce\\Module","_tribe_ticket_capacity":"0","_ticket_start_date":"","_ticket_end_date":"","_tribe_ticket_show_description":"","_tribe_ticket_show_not_going":false,"_tribe_ticket_use_global_stock":"","_tribe_ticket_global_stock_level":"","_global_stock_mode":"","_global_stock_cap":"","_tribe_rsvp_for_event":"","_tribe_ticket_going_count":"","_tribe_ticket_not_going_count":"","_tribe_tickets_list":"[]","_tribe_ticket_has_attendee_info_fields":false,"footnotes":"","_tec_slr_enabled":"","_tec_slr_layout":""},"class_list":["post-973","page","type-page","status-publish","hentry","cat_gran-gresol-es"],"ticketed":false,"_links":{"self":[{"href":"https:\/\/gresol.org\/es\/wp-json\/wp\/v2\/pages\/973","targetHints":{"allow":["GET"]}}],"collection":[{"href":"https:\/\/gresol.org\/es\/wp-json\/wp\/v2\/pages"}],"about":[{"href":"https:\/\/gresol.org\/es\/wp-json\/wp\/v2\/types\/page"}],"author":[{"embeddable":true,"href":"https:\/\/gresol.org\/es\/wp-json\/wp\/v2\/users\/1"}],"replies":[{"embeddable":true,"href":"https:\/\/gresol.org\/es\/wp-json\/wp\/v2\/comments?post=973"}],"version-history":[{"count":15,"href":"https:\/\/gresol.org\/es\/wp-json\/wp\/v2\/pages\/973\/revisions"}],"predecessor-version":[{"id":4277,"href":"https:\/\/gresol.org\/es\/wp-json\/wp\/v2\/pages\/973\/revisions\/4277"}],"wp:attachment":[{"href":"https:\/\/gresol.org\/es\/wp-json\/wp\/v2\/media?parent=973"}],"curies":[{"name":"wp","href":"https:\/\/api.w.org\/{rel}","templated":true}]}}