{"id":3027,"date":"2024-04-23T13:11:06","date_gmt":"2024-04-23T11:11:06","guid":{"rendered":"https:\/\/gresol.org\/?page_id=3027"},"modified":"2026-03-06T10:44:32","modified_gmt":"2026-03-06T09:44:32","slug":"premios-gran-gresol","status":"publish","type":"page","link":"https:\/\/gresol.org\/es\/premios-gran-gresol\/","title":{"rendered":"Premios Gran Gaud\u00ed Gresol"},"content":{"rendered":"<div class=\"fusion-bg-parallax\" data-bg-align=\"center top\" data-direction=\"up\" data-mute=\"false\" data-opacity=\"100\" data-velocity=\"-0.5\" data-mobile-enabled=\"true\" data-break_parents=\"0\" data-bg-image=\"https:\/\/gresol.org\/wp-content\/uploads\/2021\/08\/gran_gresol_2_20140527_1022498599.jpg\" data-bg-repeat=\"false\" data-bg-color=\"rgba(0,0,0,0.47)\" data-blend-mode=\"multiply\" data-bg-gradient-type=\"linear\" data-bg-gradient-angle=\"43\" data-bg-gradient-start-color=\"#000000\" data-bg-gradient-start-position=\"0\" data-bg-gradient-end-color=\"rgba(255,255,255,0)\" data-bg-gradient-end-position=\"100\" data-bg-radial-direction=\"center center\" ><\/div><div class=\"fusion-fullwidth fullwidth-box fusion-builder-row-1 fusion-flex-container fusion-parallax-up nonhundred-percent-fullwidth non-hundred-percent-height-scrolling\" style=\"--awb-background-position:center top;--awb-background-blend-mode:multiply;--awb-border-radius-top-left:0px;--awb-border-radius-top-right:0px;--awb-border-radius-bottom-right:0px;--awb-border-radius-bottom-left:0px;--awb-padding-top:102px;--awb-padding-bottom:200px;--awb-margin-top:0px;--awb-background-color:rgba(0,0,0,0.47);--awb-background-image:linear-gradient(43deg, #000000 0%,rgba(255,255,255,0) 100%),url(https:\/\/gresol.org\/wp-content\/uploads\/2021\/08\/gran_gresol_2_20140527_1022498599.jpg);;--awb-background-size:cover;--awb-flex-wrap:wrap;\" ><div class=\"fusion-builder-row fusion-row fusion-flex-align-items-flex-start fusion-flex-content-wrap\" style=\"max-width:1248px;margin-left: calc(-4% \/ 2 );margin-right: calc(-4% \/ 2 );\"><div class=\"fusion-layout-column fusion_builder_column fusion-builder-column-0 fusion_builder_column_1_2 1_2 fusion-flex-column fusion-animated\" style=\"--awb-bg-size:cover;--awb-width-large:50%;--awb-margin-top-large:0px;--awb-spacing-right-large:3.84%;--awb-margin-bottom-large:20px;--awb-spacing-left-large:3.84%;--awb-width-medium:50%;--awb-order-medium:0;--awb-spacing-right-medium:3.84%;--awb-spacing-left-medium:3.84%;--awb-width-small:100%;--awb-order-small:0;--awb-spacing-right-small:1.92%;--awb-spacing-left-small:1.92%;\" data-animationType=\"fadeInLeft\" data-animationDuration=\"0.7\" data-animationOffset=\"top-into-view\"><div class=\"fusion-column-wrapper fusion-column-has-shadow fusion-flex-justify-content-flex-start fusion-content-layout-column\"><div class=\"fusion-title title fusion-title-1 fusion-sep-none fusion-title-text fusion-title-size-two\" style=\"--awb-text-color:var(--awb-color5);\"><h2 class=\"fusion-title-heading title-heading-left\" style=\"margin:0;\">Gran Gaud\u00ed Gresol<\/h2><\/div><div class=\"fusion-text fusion-text-1\" style=\"--awb-text-color:#ffffff;\"><p class=\"p1\">Es el m\u00e1s alto reconocimiento que hacemos de hace m\u00e1s de ventinueve a\u00f1os a una destacada personalidad que realiza una labor reconocida a nivel internacional. Han recibido este premio personalidades como J.A. Samaranch, Valent\u00ed Fuster, Vicente Ferrer, Rafa Nadal, Javier Solana, Pedro Alonso, Ignacio Cirac, Fray Lluc Torcal, Jaume Plensa, Edurne Pasaban, Armand Puig, Carlos Sainz, etc.<\/p>\n<\/div><div ><a class=\"fusion-button button-flat fusion-button-default-size button-default fusion-button-default button-1 fusion-button-default-span fusion-button-default-type\" target=\"_self\" href=\"https:\/\/gresol.org\/wp-content\/uploads\/2026\/02\/Gran-Gaudi-Gresol-Digital-Fulleto.pdf\"><span class=\"fusion-button-text awb-button__text awb-button__text--default\">Ver documento<\/span><\/a><\/div><\/div><\/div><div class=\"fusion-layout-column fusion_builder_column fusion-builder-column-1 fusion_builder_column_1_2 1_2 fusion-flex-column\" style=\"--awb-bg-size:cover;--awb-width-large:50%;--awb-margin-top-large:0px;--awb-spacing-right-large:3.84%;--awb-margin-bottom-large:20px;--awb-spacing-left-large:3.84%;--awb-width-medium:50%;--awb-order-medium:0;--awb-spacing-right-medium:3.84%;--awb-spacing-left-medium:3.84%;--awb-width-small:100%;--awb-order-small:0;--awb-spacing-right-small:1.92%;--awb-spacing-left-small:1.92%;\"><div class=\"fusion-column-wrapper fusion-column-has-shadow fusion-flex-justify-content-flex-start fusion-content-layout-column\"><div class=\"fusion-video fusion-youtube\" style=\"--awb-max-width:600px;--awb-max-height:350px;\"><div class=\"video-shortcode\"><div class=\"fluid-width-video-wrapper\" style=\"padding-top:58.33%;\" ><iframe title=\"YouTube video player 1\" src=\"https:\/\/www.youtube.com\/embed\/jGoosweJ4-k?wmode=transparent&autoplay=0\" width=\"600\" height=\"350\" allowfullscreen allow=\"autoplay; clipboard-write; encrypted-media; gyroscope; picture-in-picture;\"><\/iframe><\/div><\/div><\/div><\/div><\/div><div class=\"fusion-layout-column fusion_builder_column fusion-builder-column-2 fusion_builder_column_1_1 1_1 fusion-flex-column fusion-animated\" style=\"--awb-padding-right:52px;--awb-padding-bottom:23px;--awb-padding-left:52px;--awb-bg-color:var(--awb-color1);--awb-bg-color-hover:var(--awb-color1);--awb-bg-size:cover;--awb-width-large:100%;--awb-margin-top-large:65px;--awb-spacing-right-large:1.92%;--awb-margin-bottom-large:20px;--awb-spacing-left-large:1.92%;--awb-width-medium:100%;--awb-order-medium:0;--awb-spacing-right-medium:1.92%;--awb-spacing-left-medium:1.92%;--awb-width-small:100%;--awb-order-small:0;--awb-spacing-right-small:1.92%;--awb-spacing-left-small:1.92%;\" data-animationType=\"slideInLeft\" data-animationDuration=\"0.7\" data-animationOffset=\"top-into-view\"><div class=\"fusion-column-wrapper fusion-column-has-shadow fusion-flex-justify-content-flex-start fusion-content-layout-column\"><div class=\"fusion-builder-row fusion-builder-row-inner fusion-row fusion-flex-align-items-flex-start fusion-flex-content-wrap\" style=\"width:104% !important;max-width:104% !important;margin-left: calc(-4% \/ 2 );margin-right: calc(-4% \/ 2 );\"><div class=\"fusion-layout-column fusion_builder_column_inner fusion-builder-nested-column-0 fusion_builder_column_inner_1_1 1_1 fusion-flex-column\" style=\"--awb-bg-size:cover;--awb-width-large:100%;--awb-margin-top-large:0px;--awb-spacing-right-large:1.92%;--awb-margin-bottom-large:20px;--awb-spacing-left-large:1.92%;--awb-width-medium:100%;--awb-order-medium:0;--awb-spacing-right-medium:1.92%;--awb-spacing-left-medium:1.92%;--awb-width-small:100%;--awb-order-small:0;--awb-spacing-right-small:1.92%;--awb-spacing-left-small:1.92%;\"><div class=\"fusion-column-wrapper fusion-column-has-shadow fusion-flex-justify-content-flex-start fusion-content-layout-column\"><\/div><\/div><\/div><div class=\"fusion-events-shortcode fusion-events-shortcode-1 fusion-events-pagination-pagination\" style=\"margin-left: -20px;margin-right: -20px;\"><div class=\"fusion-events-wrapper\" data-pages=\"2\"><div class=\"fusion-events-post fusion-spacing-no fusion-one-third fusion-layout-column\" style=\"padding:20px\"><div class=\"fusion-column-wrapper\"><div class=\"fusion-events-thumbnail hover-type-liftup\"><a href=\"https:\/\/gresol.org\/es\/event\/xxix-gran-gaudi-gresol-sr-amancio-lopez-seijas\/\" class=\"url\" rel=\"bookmark\" aria-label=\"XXIX Gran Gaud\u00ed Gresol, Sr. Amancio L\u00f3pez Seijas.\"><span class=\"tribe-events-event-image\" style=\"background-image: url(https:\/\/gresol.org\/wp-content\/uploads\/2026\/03\/DSC_0836-scaled.jpg); -webkit-background-size: cover; background-size: cover; background-position: center center;\"><\/span><\/a><\/div><div class=\"fusion-events-content-wrapper\" style=\"padding:20px 20px 20px 20px;\"><div class=\"fusion-events-meta\"><h2><a href=\"https:\/\/gresol.org\/es\/event\/xxix-gran-gaudi-gresol-sr-amancio-lopez-seijas\/\" class=\"url\" rel=\"bookmark\">XXIX Gran Gaud\u00ed Gresol, Sr. Amancio L\u00f3pez Seijas.<\/a><\/h2><h4><span class=\"tribe-event-date-start\">3 marzo\u00b7 08:00<\/span> - <span class=\"tribe-event-time\">17:00<\/span><\/h4><\/div><\/div><\/div><\/div><div class=\"fusion-events-post fusion-spacing-no fusion-one-third fusion-layout-column\" style=\"padding:20px\"><div class=\"fusion-column-wrapper\"><div class=\"fusion-events-thumbnail hover-type-liftup\"><a href=\"https:\/\/gresol.org\/es\/event\/xxviii-premi-gran-gresol-sr-carlos-sainz\/\" class=\"url\" rel=\"bookmark\" aria-label=\"XXVIII Premi Gran Gresol, Sr. Carlos Sainz\"><span class=\"tribe-events-event-image\" style=\"background-image: url(https:\/\/gresol.org\/wp-content\/uploads\/2025\/07\/28e-Gran-Gresol-a-Carlos-Sainz-15.jpg); -webkit-background-size: cover; background-size: cover; background-position: center center;\"><\/span><\/a><\/div><div class=\"fusion-events-content-wrapper\" style=\"padding:20px 20px 20px 20px;\"><div class=\"fusion-events-meta\"><h2><a href=\"https:\/\/gresol.org\/es\/event\/xxviii-premi-gran-gresol-sr-carlos-sainz\/\" class=\"url\" rel=\"bookmark\">XXVIII Premi Gran Gresol, Sr. Carlos Sainz<\/a><\/h2><h4><span class=\"tribe-event-date-start\">24 junio, 2025\u00b7 08:00<\/span> - <span class=\"tribe-event-time\">17:00<\/span><\/h4><\/div><\/div><\/div><\/div><div class=\"fusion-events-post fusion-spacing-no fusion-one-third fusion-layout-column fusion-column-last\" style=\"padding:20px\"><div class=\"fusion-column-wrapper\"><div class=\"fusion-events-thumbnail hover-type-liftup\"><a href=\"https:\/\/gresol.org\/es\/event\/xxvii-premi-gran-gresol-dr-armand-puig\/\" class=\"url\" rel=\"bookmark\" aria-label=\"XXVII Premi Gran Gresol, Dr. Armand Puig\"><span class=\"tribe-events-event-image\" style=\"background-image: url(https:\/\/gresol.org\/wp-content\/uploads\/2025\/02\/27e-Premi-Gran-Gresol-42.jpg); -webkit-background-size: cover; background-size: cover; background-position: center center;\"><\/span><\/a><\/div><div class=\"fusion-events-content-wrapper\" style=\"padding:20px 20px 20px 20px;\"><div class=\"fusion-events-meta\"><h2><a href=\"https:\/\/gresol.org\/es\/event\/xxvii-premi-gran-gresol-dr-armand-puig\/\" class=\"url\" rel=\"bookmark\">XXVII Premi Gran Gresol, Dr. Armand Puig<\/a><\/h2><h4><span class=\"tribe-event-date-start\">26 febrero, 2025\u00b7 08:00<\/span> - <span class=\"tribe-event-time\">17:00<\/span><\/h4><\/div><\/div><\/div><\/div><div class=\"fusion-clearfix\"><\/div><div class=\"fusion-events-post fusion-spacing-no fusion-one-third fusion-layout-column\" style=\"padding:20px\"><div class=\"fusion-column-wrapper\"><div class=\"fusion-events-thumbnail hover-type-liftup\"><a href=\"https:\/\/gresol.org\/es\/event\/xxvi-premi-gran-gresol-alpinista-edurne-pasaban\/\" class=\"url\" rel=\"bookmark\" aria-label=\"XXVI Premio Gran Gresol, alpinista Edurne Pasaban\"><span class=\"tribe-events-event-image\" style=\"background-image: url(https:\/\/gresol.org\/wp-content\/uploads\/2024\/02\/foto-grup-GG-scaled.jpg); -webkit-background-size: cover; background-size: cover; background-position: center center;\"><\/span><\/a><\/div><div class=\"fusion-events-content-wrapper\" style=\"padding:20px 20px 20px 20px;\"><div class=\"fusion-events-meta\"><h2><a href=\"https:\/\/gresol.org\/es\/event\/xxvi-premi-gran-gresol-alpinista-edurne-pasaban\/\" class=\"url\" rel=\"bookmark\">XXVI Premio Gran Gresol, alpinista Edurne Pasaban<\/a><\/h2><h4><span class=\"tribe-event-date-start\">2 febrero, 2024\u00b7 13:00<\/span> - <span class=\"tribe-event-time\">16:30<\/span><\/h4><\/div><\/div><\/div><\/div><div class=\"fusion-events-post fusion-spacing-no fusion-one-third fusion-layout-column\" style=\"padding:20px\"><div class=\"fusion-column-wrapper\"><div class=\"fusion-events-thumbnail hover-type-liftup\"><a href=\"https:\/\/gresol.org\/es\/event\/la-fundacio-gresol-va-atorgar-el-premi-gran-gresol-a-lescultor-jaume-plensa\/\" class=\"url\" rel=\"bookmark\" aria-label=\"XXV Premi Gran Gresol, escultor Jaume Plensa\"><span class=\"tribe-events-event-image\" style=\"background-image: url(https:\/\/gresol.org\/wp-content\/uploads\/2022\/05\/foto-familia.jpg); -webkit-background-size: cover; background-size: cover; background-position: center center;\"><\/span><\/a><\/div><div class=\"fusion-events-content-wrapper\" style=\"padding:20px 20px 20px 20px;\"><div class=\"fusion-events-meta\"><h2><a href=\"https:\/\/gresol.org\/es\/event\/la-fundacio-gresol-va-atorgar-el-premi-gran-gresol-a-lescultor-jaume-plensa\/\" class=\"url\" rel=\"bookmark\">XXV Premi Gran Gresol, escultor Jaume Plensa<\/a><\/h2><h4><span class=\"tribe-event-date-start\">5 octubre, 2021\u00b7 13:00<\/span> - <span class=\"tribe-event-time\">16:00<\/span><\/h4><\/div><\/div><\/div><\/div><div class=\"fusion-events-post fusion-spacing-no fusion-one-third fusion-layout-column fusion-column-last\" style=\"padding:20px\"><div class=\"fusion-column-wrapper\"><div class=\"fusion-events-thumbnail hover-type-liftup\"><a href=\"https:\/\/gresol.org\/es\/event\/la-fundacion-gresol-otorga-el-premio-gran-gresol-al-escultor-jaume-plensa\/\" class=\"url\" rel=\"bookmark\" aria-label=\"XXV Premio Gran Gresol, escultor Jaume Plensa\"><span class=\"tribe-events-event-image\" style=\"background-image: url(https:\/\/gresol.org\/wp-content\/uploads\/2022\/05\/foto-familia.jpg); -webkit-background-size: cover; background-size: cover; background-position: center center;\"><\/span><\/a><\/div><div class=\"fusion-events-content-wrapper\" style=\"padding:20px 20px 20px 20px;\"><div class=\"fusion-events-meta\"><h2><a href=\"https:\/\/gresol.org\/es\/event\/la-fundacion-gresol-otorga-el-premio-gran-gresol-al-escultor-jaume-plensa\/\" class=\"url\" rel=\"bookmark\">XXV Premio Gran Gresol, escultor Jaume Plensa<\/a><\/h2><h4><span class=\"tribe-event-date-start\">5 octubre, 2021\u00b7 08:00<\/span> - <span class=\"tribe-event-time\">17:00<\/span><\/h4><\/div><\/div><\/div><\/div><div class=\"fusion-clearfix\"><\/div><div class=\"fusion-events-post fusion-spacing-no fusion-one-third fusion-layout-column\" style=\"padding:20px\"><div class=\"fusion-column-wrapper\"><div class=\"fusion-events-thumbnail hover-type-liftup\"><a href=\"https:\/\/gresol.org\/es\/event\/la-fundacio-entrega-el-gran-gresol-al-dr-pedro-alonso-maxim-responsable-de-la-lluita-mundial-contra-la-malaria\/\" class=\"url\" rel=\"bookmark\" aria-label=\"XXIV Premi Gran Gresol, Dr. Pedro Alonso\"><span class=\"tribe-events-event-image\" style=\"background-image: url(https:\/\/gresol.org\/wp-content\/uploads\/2022\/05\/Para-la-pagina-2.png); -webkit-background-size: cover; background-size: cover; background-position: center center;\"><\/span><\/a><\/div><div class=\"fusion-events-content-wrapper\" style=\"padding:20px 20px 20px 20px;\"><div class=\"fusion-events-meta\"><h2><a href=\"https:\/\/gresol.org\/es\/event\/la-fundacio-entrega-el-gran-gresol-al-dr-pedro-alonso-maxim-responsable-de-la-lluita-mundial-contra-la-malaria\/\" class=\"url\" rel=\"bookmark\">XXIV Premi Gran Gresol, Dr. Pedro Alonso<\/a><\/h2><h4><span class=\"tribe-event-date-start\">28 septiembre, 2020\u00b7 13:00<\/span> - <span class=\"tribe-event-time\">16:00<\/span><\/h4><\/div><\/div><\/div><\/div><div class=\"fusion-events-post fusion-spacing-no fusion-one-third fusion-layout-column\" style=\"padding:20px\"><div class=\"fusion-column-wrapper\"><div class=\"fusion-events-thumbnail hover-type-liftup\"><a href=\"https:\/\/gresol.org\/es\/event\/la-fundacion-entrega-el-gran-gresol-al-dr-pedro-alonso-maximo-responsable-de-la-lucha-mundial-contra-la-malaria\/\" class=\"url\" rel=\"bookmark\" aria-label=\"XXIV Premio Gran Gresol, Dr. Pedro Alonso\"><span class=\"tribe-events-event-image\" style=\"background-image: url(https:\/\/gresol.org\/wp-content\/uploads\/2022\/05\/Para-la-pagina-2.png); -webkit-background-size: cover; background-size: cover; background-position: center center;\"><\/span><\/a><\/div><div class=\"fusion-events-content-wrapper\" style=\"padding:20px 20px 20px 20px;\"><div class=\"fusion-events-meta\"><h2><a href=\"https:\/\/gresol.org\/es\/event\/la-fundacion-entrega-el-gran-gresol-al-dr-pedro-alonso-maximo-responsable-de-la-lucha-mundial-contra-la-malaria\/\" class=\"url\" rel=\"bookmark\">XXIV Premio Gran Gresol, Dr. Pedro Alonso<\/a><\/h2><h4><span class=\"tribe-event-date-start\">28 septiembre, 2020\u00b7 08:00<\/span> - <span class=\"tribe-event-time\">17:00<\/span><\/h4><\/div><\/div><\/div><\/div><div class=\"fusion-events-post fusion-spacing-no fusion-one-third fusion-layout-column fusion-column-last\" style=\"padding:20px\"><div class=\"fusion-column-wrapper\"><div class=\"fusion-events-thumbnail hover-type-liftup\"><a href=\"https:\/\/gresol.org\/es\/event\/la-fundacio-gresol-va-entregar-a-fr-lluc-torcal-procurador-general-de-lorde-del-cister-el-23e-premi-gran-gresol\/\" class=\"url\" rel=\"bookmark\" aria-label=\"XXIII Premi Gran Gresol, Fr. Lluc Torcal, procurador general de la Orden del Cister\"><span class=\"tribe-events-event-image\" style=\"background-image: url(https:\/\/gresol.org\/wp-content\/uploads\/2022\/05\/FUNDACIO-GRESOL_GRAN-GRESOL_19122019-18-scaled.jpg); -webkit-background-size: cover; background-size: cover; background-position: center center;\"><\/span><\/a><\/div><div class=\"fusion-events-content-wrapper\" style=\"padding:20px 20px 20px 20px;\"><div class=\"fusion-events-meta\"><h2><a href=\"https:\/\/gresol.org\/es\/event\/la-fundacio-gresol-va-entregar-a-fr-lluc-torcal-procurador-general-de-lorde-del-cister-el-23e-premi-gran-gresol\/\" class=\"url\" rel=\"bookmark\">XXIII Premi Gran Gresol, Fr. Lluc Torcal, procurador general de la Orden del Cister<\/a><\/h2><h4><span class=\"tribe-event-date-start\">19 diciembre, 2019\u00b7 13:00<\/span> - <span class=\"tribe-event-time\">16:00<\/span><\/h4><\/div><\/div><\/div><\/div><div class=\"fusion-clearfix\"><\/div><div class=\"fusion-events-post fusion-spacing-no fusion-one-third fusion-layout-column\" style=\"padding:20px\"><div class=\"fusion-column-wrapper\"><div class=\"fusion-events-thumbnail hover-type-liftup\"><a href=\"https:\/\/gresol.org\/es\/event\/la-fundacio-gresol-va-entregar-a-fr-lluc-torcal-procurador-general-de-la-orden-del-cister-el-23e-premio-gran-gresol\/\" class=\"url\" rel=\"bookmark\" aria-label=\"XXIII Premio Gran Gresol, Fr. Lluc Torcal, procurador general de la Orden del Cister\"><span class=\"tribe-events-event-image\" style=\"background-image: url(https:\/\/gresol.org\/wp-content\/uploads\/2022\/05\/FUNDACIO-GRESOL_GRAN-GRESOL_19122019-18-scaled.jpg); -webkit-background-size: cover; background-size: cover; background-position: center center;\"><\/span><\/a><\/div><div class=\"fusion-events-content-wrapper\" style=\"padding:20px 20px 20px 20px;\"><div class=\"fusion-events-meta\"><h2><a href=\"https:\/\/gresol.org\/es\/event\/la-fundacio-gresol-va-entregar-a-fr-lluc-torcal-procurador-general-de-la-orden-del-cister-el-23e-premio-gran-gresol\/\" class=\"url\" rel=\"bookmark\">XXIII Premio Gran Gresol, Fr. Lluc Torcal, procurador general de la Orden del Cister<\/a><\/h2><h4><span class=\"tribe-event-date-start\">19 diciembre, 2019\u00b7 08:00<\/span> - <span class=\"tribe-event-time\">17:00<\/span><\/h4><\/div><\/div><\/div><\/div><div class=\"fusion-events-post fusion-spacing-no fusion-one-third fusion-layout-column\" style=\"padding:20px\"><div class=\"fusion-column-wrapper\"><div class=\"fusion-events-thumbnail hover-type-liftup\"><a href=\"https:\/\/gresol.org\/es\/event\/la-fundacio-gresol-entrega-al-dr-andreu-mas-colell-el-22e-premi-gran-gresol\/\" class=\"url\" rel=\"bookmark\" aria-label=\"XXII Premi Gran Gresol, Dr. Andreu Mas-Colell\"><span class=\"tribe-events-event-image\" style=\"background-image: url(https:\/\/gresol.org\/wp-content\/uploads\/2022\/05\/FUNDACIO-GRESOL_PREMI-GRAN-GRESOL-2018-48-scaled.jpg); -webkit-background-size: cover; background-size: cover; background-position: center center;\"><\/span><\/a><\/div><div class=\"fusion-events-content-wrapper\" style=\"padding:20px 20px 20px 20px;\"><div class=\"fusion-events-meta\"><h2><a href=\"https:\/\/gresol.org\/es\/event\/la-fundacio-gresol-entrega-al-dr-andreu-mas-colell-el-22e-premi-gran-gresol\/\" class=\"url\" rel=\"bookmark\">XXII Premi Gran Gresol, Dr. Andreu Mas-Colell<\/a><\/h2><h4><span class=\"tribe-event-date-start\">2 octubre, 2018\u00b7 13:00<\/span> - <span class=\"tribe-event-time\">16:00<\/span><\/h4><\/div><\/div><\/div><\/div><div class=\"fusion-events-post fusion-spacing-no fusion-one-third fusion-layout-column fusion-column-last\" style=\"padding:20px\"><div class=\"fusion-column-wrapper\"><div class=\"fusion-events-thumbnail hover-type-liftup\"><a href=\"https:\/\/gresol.org\/es\/event\/la-fundacio-gresol-entrega-al-dr-andreu-mas-colell-el-22e-premio-gran-gresol\/\" class=\"url\" rel=\"bookmark\" aria-label=\"XXII Premio Gran Gresol, Dr. Andreu Mas-Colell\"><span class=\"tribe-events-event-image\" style=\"background-image: url(https:\/\/gresol.org\/wp-content\/uploads\/2022\/05\/FUNDACIO-GRESOL_PREMI-GRAN-GRESOL-2018-48-scaled.jpg); -webkit-background-size: cover; background-size: cover; background-position: center center;\"><\/span><\/a><\/div><div class=\"fusion-events-content-wrapper\" style=\"padding:20px 20px 20px 20px;\"><div class=\"fusion-events-meta\"><h2><a href=\"https:\/\/gresol.org\/es\/event\/la-fundacio-gresol-entrega-al-dr-andreu-mas-colell-el-22e-premio-gran-gresol\/\" class=\"url\" rel=\"bookmark\">XXII Premio Gran Gresol, Dr. Andreu Mas-Colell<\/a><\/h2><h4><span class=\"tribe-event-date-start\">2 octubre, 2018\u00b7 08:00<\/span> - <span class=\"tribe-event-time\">17:00<\/span><\/h4><\/div><\/div><\/div><\/div><div class=\"fusion-clearfix\"><\/div><div class=\"fusion-events-post fusion-spacing-no fusion-one-third fusion-layout-column\" style=\"padding:20px\"><div class=\"fusion-column-wrapper\"><div class=\"fusion-events-thumbnail hover-type-liftup\"><a href=\"https:\/\/gresol.org\/es\/event\/el-fisic-juan-ignacio-cirac-rep-el-21e-premi-gran-gresol\/\" class=\"url\" rel=\"bookmark\" aria-label=\"XXI Premio Gran Gresol, f\u00edsico Juan Ignacio Cirac\"><span class=\"tribe-events-event-image\" style=\"background-image: url(https:\/\/gresol.org\/wp-content\/uploads\/2022\/05\/Entrega-Gran-Gresol-2017-Sr.-Cirac-Fundacio-Gresol-2.jpg); -webkit-background-size: cover; background-size: cover; background-position: center center;\"><\/span><\/a><\/div><div class=\"fusion-events-content-wrapper\" style=\"padding:20px 20px 20px 20px;\"><div class=\"fusion-events-meta\"><h2><a href=\"https:\/\/gresol.org\/es\/event\/el-fisic-juan-ignacio-cirac-rep-el-21e-premi-gran-gresol\/\" class=\"url\" rel=\"bookmark\">XXI Premio Gran Gresol, f\u00edsico Juan Ignacio Cirac<\/a><\/h2><h4><span class=\"tribe-event-date-start\">2 octubre, 2017\u00b7 13:00<\/span> - <span class=\"tribe-event-time\">16:00<\/span><\/h4><\/div><\/div><\/div><\/div><div class=\"fusion-events-post fusion-spacing-no fusion-one-third fusion-layout-column\" style=\"padding:20px\"><div class=\"fusion-column-wrapper\"><div class=\"fusion-events-thumbnail hover-type-liftup\"><a href=\"https:\/\/gresol.org\/es\/event\/el-fisico-juan-ignacio-cirac-recibe-el-21-o-premio-grande-gresol\/\" class=\"url\" rel=\"bookmark\" aria-label=\"XXI Premio Gran Gresol, f\u00edsico Juan Ignacio Cirac\"><span class=\"tribe-events-event-image\" style=\"background-image: url(https:\/\/gresol.org\/wp-content\/uploads\/2022\/05\/Entrega-Gran-Gresol-2017-Sr.-Cirac-Fundacio-Gresol-2.jpg); -webkit-background-size: cover; background-size: cover; background-position: center center;\"><\/span><\/a><\/div><div class=\"fusion-events-content-wrapper\" style=\"padding:20px 20px 20px 20px;\"><div class=\"fusion-events-meta\"><h2><a href=\"https:\/\/gresol.org\/es\/event\/el-fisico-juan-ignacio-cirac-recibe-el-21-o-premio-grande-gresol\/\" class=\"url\" rel=\"bookmark\">XXI Premio Gran Gresol, f\u00edsico Juan Ignacio Cirac<\/a><\/h2><h4><span class=\"tribe-event-date-start\">2 octubre, 2017\u00b7 08:00<\/span> - <span class=\"tribe-event-time\">17:00<\/span><\/h4><\/div><\/div><\/div><\/div><div class=\"fusion-clearfix\"><\/div><\/div><div class=\"pagination clearfix\"><span class=\"current\">1<\/span><a href=\"https:\/\/gresol.org\/es\/wp-json\/wp\/v2\/pages\/3027\/page\/2\/\" class=\"inactive\">2<\/a><a class=\"pagination-next\" rel=\"next\" href=\"https:\/\/gresol.org\/es\/wp-json\/wp\/v2\/pages\/3027\/page\/2\/\"><span class=\"page-text\">Siguiente<\/span><span class=\"page-next\"><\/span><\/a><\/div><div class=\"fusion-clearfix\"><\/div><\/div><\/div><\/div><\/div><\/div>\n","protected":false},"excerpt":{"rendered":"","protected":false},"author":1,"featured_media":0,"parent":0,"menu_order":0,"comment_status":"closed","ping_status":"closed","template":"100-width.php","meta":{"_price":"","_stock":"","_tribe_ticket_header":"","_tribe_default_ticket_provider":"TEC\\Tickets\\Commerce\\Module","_tribe_ticket_capacity":"0","_ticket_start_date":"","_ticket_end_date":"","_tribe_ticket_show_description":"","_tribe_ticket_show_not_going":false,"_tribe_ticket_use_global_stock":"","_tribe_ticket_global_stock_level":"","_global_stock_mode":"","_global_stock_cap":"","_tribe_rsvp_for_event":"","_tribe_ticket_going_count":"","_tribe_ticket_not_going_count":"","_tribe_tickets_list":"[]","_tribe_ticket_has_attendee_info_fields":false,"footnotes":"","_tec_slr_enabled":"","_tec_slr_layout":""},"class_list":["post-3027","page","type-page","status-publish","hentry","cat_gran-gresol-es"],"ticketed":false,"_links":{"self":[{"href":"https:\/\/gresol.org\/es\/wp-json\/wp\/v2\/pages\/3027","targetHints":{"allow":["GET"]}}],"collection":[{"href":"https:\/\/gresol.org\/es\/wp-json\/wp\/v2\/pages"}],"about":[{"href":"https:\/\/gresol.org\/es\/wp-json\/wp\/v2\/types\/page"}],"author":[{"embeddable":true,"href":"https:\/\/gresol.org\/es\/wp-json\/wp\/v2\/users\/1"}],"replies":[{"embeddable":true,"href":"https:\/\/gresol.org\/es\/wp-json\/wp\/v2\/comments?post=3027"}],"version-history":[{"count":14,"href":"https:\/\/gresol.org\/es\/wp-json\/wp\/v2\/pages\/3027\/revisions"}],"predecessor-version":[{"id":4321,"href":"https:\/\/gresol.org\/es\/wp-json\/wp\/v2\/pages\/3027\/revisions\/4321"}],"wp:attachment":[{"href":"https:\/\/gresol.org\/es\/wp-json\/wp\/v2\/media?parent=3027"}],"curies":[{"name":"wp","href":"https:\/\/api.w.org\/{rel}","templated":true}]}}