{"id":3002,"date":"2024-04-23T13:11:21","date_gmt":"2024-04-23T11:11:21","guid":{"rendered":"https:\/\/gresol.org\/?page_id=3002"},"modified":"2024-12-13T08:57:30","modified_gmt":"2024-12-13T07:57:30","slug":"premios-gresol-jove","status":"publish","type":"page","link":"https:\/\/gresol.org\/es\/premios-gresol-jove\/","title":{"rendered":"Premios Gresol Jove"},"content":{"rendered":"<div class=\"fusion-fullwidth fullwidth-box fusion-builder-row-1 fusion-flex-container nonhundred-percent-fullwidth non-hundred-percent-height-scrolling\" style=\"--awb-border-radius-top-left:0px;--awb-border-radius-top-right:0px;--awb-border-radius-bottom-right:0px;--awb-border-radius-bottom-left:0px;--awb-padding-top:24px;--awb-padding-bottom:0px;--awb-margin-top:0px;--awb-flex-wrap:wrap;\" ><div class=\"fusion-builder-row fusion-row fusion-flex-align-items-center fusion-flex-content-wrap\" style=\"max-width:1248px;margin-left: calc(-4% \/ 2 );margin-right: calc(-4% \/ 2 );\"><div class=\"fusion-layout-column fusion_builder_column fusion-builder-column-0 fusion_builder_column_1_1 1_1 fusion-flex-column\" style=\"--awb-bg-size:cover;--awb-width-large:100%;--awb-margin-top-large:0px;--awb-spacing-right-large:1.92%;--awb-margin-bottom-large:20px;--awb-spacing-left-large:1.92%;--awb-width-medium:100%;--awb-order-medium:0;--awb-spacing-right-medium:1.92%;--awb-spacing-left-medium:1.92%;--awb-width-small:100%;--awb-order-small:0;--awb-spacing-right-small:1.92%;--awb-spacing-left-small:1.92%;\"><div class=\"fusion-column-wrapper fusion-column-has-shadow fusion-flex-justify-content-center fusion-content-layout-column\"><div class=\"fusion-image-element \" style=\"text-align:center;--awb-margin-bottom:50px;--awb-max-width:300px;--awb-caption-title-font-family:var(--h2_typography-font-family);--awb-caption-title-font-weight:var(--h2_typography-font-weight);--awb-caption-title-font-style:var(--h2_typography-font-style);--awb-caption-title-size:var(--h2_typography-font-size);--awb-caption-title-transform:var(--h2_typography-text-transform);--awb-caption-title-line-height:var(--h2_typography-line-height);--awb-caption-title-letter-spacing:var(--h2_typography-letter-spacing);\"><span class=\" fusion-imageframe imageframe-none imageframe-1 hover-type-none\"><img decoding=\"async\" width=\"400\" height=\"153\" title=\"Recurso 15\" src=\"https:\/\/gresol.org\/wp-content\/uploads\/2022\/05\/Recurso-15.png\" alt class=\"img-responsive wp-image-1102\" srcset=\"https:\/\/gresol.org\/wp-content\/uploads\/2022\/05\/Recurso-15-200x77.png 200w, https:\/\/gresol.org\/wp-content\/uploads\/2022\/05\/Recurso-15.png 400w\" sizes=\"(max-width: 640px) 100vw, 400px\" \/><\/span><\/div><\/div><\/div><div class=\"fusion-layout-column fusion_builder_column fusion-builder-column-1 fusion_builder_column_1_1 1_1 fusion-flex-column fusion-animated\" style=\"--awb-bg-size:cover;--awb-width-large:100%;--awb-margin-top-large:0px;--awb-spacing-right-large:3.552%;--awb-margin-bottom-large:20px;--awb-spacing-left-large:6.912%;--awb-width-medium:100%;--awb-order-medium:0;--awb-spacing-right-medium:3.552%;--awb-spacing-left-medium:6.912%;--awb-width-small:100%;--awb-order-small:0;--awb-spacing-right-small:1.92%;--awb-spacing-left-small:1.92%;\" data-animationType=\"fadeInRight\" data-animationDuration=\"0.6\" data-animationOffset=\"top-into-view\"><div class=\"fusion-column-wrapper fusion-column-has-shadow fusion-flex-justify-content-flex-start fusion-content-layout-column\"><div class=\"fusion-title title fusion-title-1 fusion-sep-none fusion-title-text fusion-title-size-two\" style=\"--awb-text-color:var(--awb-color5);\"><h2 class=\"fusion-title-heading title-heading-left\" style=\"margin:0;\"><strong>Premios al Talento Emprenedor<\/strong><\/h2><\/div><div class=\"fusion-text fusion-text-1\"><p class=\"p1\">El grupo de Gresol Jove hace un reconocimiento a j\u00f3venes emprendedores de nuestra zona que han destacado por un proyecto o idea en concreto. A propuesta de un jurado, formado por representantes de la URV, la Diputaci\u00f3n de Tarragona e Ibercaja, se premia al talento en los campos tecnol\u00f3gicos, de marketing y acad\u00e9mico. Un espacio id\u00f3neo para potenciar el networking y establecer sinergias entre los j\u00f3venes empresarios.<\/p>\n<\/div><\/div><\/div><div class=\"fusion-layout-column fusion_builder_column fusion-builder-column-2 fusion_builder_column_1_2 1_2 fusion-flex-column\" style=\"--awb-padding-left:36px;--awb-bg-size:cover;--awb-width-large:50%;--awb-margin-top-large:0px;--awb-spacing-right-large:26.688%;--awb-margin-bottom-large:20px;--awb-spacing-left-large:3.84%;--awb-width-medium:50%;--awb-order-medium:0;--awb-spacing-right-medium:26.688%;--awb-spacing-left-medium:3.84%;--awb-width-small:100%;--awb-order-small:0;--awb-spacing-right-small:1.92%;--awb-spacing-left-small:1.92%;\"><div class=\"fusion-column-wrapper fusion-column-has-shadow fusion-flex-justify-content-flex-start fusion-content-layout-column\"><div class=\"fusion-image-element \" style=\"text-align:center;--awb-max-width:450px;--awb-caption-title-font-family:var(--h2_typography-font-family);--awb-caption-title-font-weight:var(--h2_typography-font-weight);--awb-caption-title-font-style:var(--h2_typography-font-style);--awb-caption-title-size:var(--h2_typography-font-size);--awb-caption-title-transform:var(--h2_typography-text-transform);--awb-caption-title-line-height:var(--h2_typography-line-height);--awb-caption-title-letter-spacing:var(--h2_typography-letter-spacing);\"><span class=\" fusion-imageframe imageframe-none imageframe-2 hover-type-none\"><img decoding=\"async\" width=\"1080\" height=\"1080\" title=\"RENDER GAURD\u00d3 FONS BLANC\" src=\"https:\/\/gresol.org\/wp-content\/uploads\/2022\/05\/RENDER-GAURDO-FONS-BLANC.jpg\" alt class=\"img-responsive wp-image-1100\" srcset=\"https:\/\/gresol.org\/wp-content\/uploads\/2022\/05\/RENDER-GAURDO-FONS-BLANC-200x200.jpg 200w, https:\/\/gresol.org\/wp-content\/uploads\/2022\/05\/RENDER-GAURDO-FONS-BLANC-400x400.jpg 400w, https:\/\/gresol.org\/wp-content\/uploads\/2022\/05\/RENDER-GAURDO-FONS-BLANC-600x600.jpg 600w, https:\/\/gresol.org\/wp-content\/uploads\/2022\/05\/RENDER-GAURDO-FONS-BLANC-800x800.jpg 800w, https:\/\/gresol.org\/wp-content\/uploads\/2022\/05\/RENDER-GAURDO-FONS-BLANC.jpg 1080w\" sizes=\"(max-width: 640px) 100vw, 400px\" \/><\/span><\/div><\/div><\/div><div class=\"fusion-layout-column fusion_builder_column fusion-builder-column-3 fusion_builder_column_1_2 1_2 fusion-flex-column\" style=\"--awb-padding-right:46px;--awb-bg-size:cover;--awb-width-large:50%;--awb-margin-top-large:0px;--awb-spacing-right-large:3.84%;--awb-margin-bottom-large:3px;--awb-spacing-left-large:3.84%;--awb-width-medium:50%;--awb-order-medium:0;--awb-spacing-right-medium:3.84%;--awb-spacing-left-medium:3.84%;--awb-width-small:100%;--awb-order-small:0;--awb-spacing-right-small:1.92%;--awb-spacing-left-small:1.92%;\"><div class=\"fusion-column-wrapper fusion-column-has-shadow fusion-flex-justify-content-flex-start fusion-content-layout-column\"><div class=\"fusion-video fusion-youtube\" style=\"--awb-max-width:600px;--awb-max-height:360px;\"><div class=\"video-shortcode\"><div class=\"fluid-width-video-wrapper\" style=\"padding-top:60%;\" ><iframe title=\"YouTube video player 1\" src=\"https:\/\/www.youtube.com\/embed\/-VFtxoM5J5A?wmode=transparent&autoplay=0\" width=\"600\" height=\"360\" allowfullscreen allow=\"autoplay; clipboard-write; encrypted-media; gyroscope; picture-in-picture;\"><\/iframe><\/div><\/div><\/div><\/div><\/div><div class=\"fusion-layout-column fusion_builder_column fusion-builder-column-4 fusion_builder_column_1_1 1_1 fusion-flex-column fusion-animated\" style=\"--awb-padding-right:52px;--awb-padding-bottom:23px;--awb-padding-left:60px;--awb-bg-color:#ffffff;--awb-bg-color-hover:#ffffff;--awb-bg-size:cover;--awb-width-large:100%;--awb-margin-top-large:0px;--awb-spacing-right-large:1.92%;--awb-margin-bottom-large:20px;--awb-spacing-left-large:1.92%;--awb-width-medium:100%;--awb-order-medium:0;--awb-spacing-right-medium:1.92%;--awb-spacing-left-medium:1.92%;--awb-width-small:100%;--awb-order-small:0;--awb-spacing-right-small:1.92%;--awb-spacing-left-small:1.92%;\" data-animationType=\"slideInLeft\" data-animationDuration=\"0.7\" data-animationOffset=\"top-into-view\"><div class=\"fusion-column-wrapper fusion-column-has-shadow fusion-flex-justify-content-flex-start fusion-content-layout-column\"><div class=\"fusion-builder-row fusion-builder-row-inner fusion-row fusion-flex-align-items-center fusion-flex-content-wrap\" style=\"width:104% !important;max-width:104% !important;margin-left: calc(-4% \/ 2 );margin-right: calc(-4% \/ 2 );\"><div class=\"fusion-layout-column fusion_builder_column_inner fusion-builder-nested-column-0 fusion_builder_column_inner_1_1 1_1 fusion-flex-column\" style=\"--awb-bg-size:cover;--awb-width-large:100%;--awb-margin-top-large:0px;--awb-spacing-right-large:1.92%;--awb-margin-bottom-large:20px;--awb-spacing-left-large:1.92%;--awb-width-medium:100%;--awb-order-medium:0;--awb-spacing-right-medium:1.92%;--awb-spacing-left-medium:1.92%;--awb-width-small:100%;--awb-order-small:0;--awb-spacing-right-small:1.92%;--awb-spacing-left-small:1.92%;\"><div class=\"fusion-column-wrapper fusion-column-has-shadow fusion-flex-justify-content-flex-start fusion-content-layout-column\"><\/div><\/div><\/div><div class=\"fusion-events-shortcode fusion-events-shortcode-1 fusion-events-pagination-pagination\" style=\"margin-left: -20px;margin-right: -20px;\"><div class=\"fusion-events-wrapper\" data-pages=\"1\"><div class=\"fusion-events-post fusion-spacing-no fusion-one-third fusion-layout-column\" style=\"padding:20px\"><div class=\"fusion-column-wrapper\"><div class=\"fusion-events-thumbnail hover-type-liftup\"><a href=\"https:\/\/gresol.org\/es\/event\/xi-premis-gresol-talent-emprenedor\/\" class=\"url\" rel=\"bookmark\" aria-label=\"XI Premis Gresol Talent Emprenedor\"><span class=\"tribe-events-event-image\" style=\"background-image: url(https:\/\/gresol.org\/wp-content\/uploads\/2026\/03\/Cartell-Premis-Gresol-Emprenedor-2026_page-0001.jpg); -webkit-background-size: cover; background-size: cover; background-position: center center;\"><\/span><\/a><\/div><div class=\"fusion-events-content-wrapper\" style=\"padding:20px 20px 20px 20px;\"><div class=\"fusion-events-meta\"><h2><a href=\"https:\/\/gresol.org\/es\/event\/xi-premis-gresol-talent-emprenedor\/\" class=\"url\" rel=\"bookmark\">XI Premis Gresol Talent Emprenedor<\/a><\/h2><h4><span class=\"tribe-event-date-start\">21 abril\u00b7 18:00<\/span> - <span class=\"tribe-event-time\">21:00<\/span><\/h4><\/div><\/div><\/div><\/div><div class=\"fusion-events-post fusion-spacing-no fusion-one-third fusion-layout-column\" style=\"padding:20px\"><div class=\"fusion-column-wrapper\"><div class=\"fusion-events-thumbnail hover-type-liftup\"><a href=\"https:\/\/gresol.org\/es\/event\/x-premis-talent-emprenedor\/\" class=\"url\" rel=\"bookmark\" aria-label=\"X Premis Talent Emprenedor\"><span class=\"tribe-events-event-image\" style=\"background-image: url(https:\/\/gresol.org\/wp-content\/uploads\/2025\/01\/DSC_0678-scaled.jpg); -webkit-background-size: cover; background-size: cover; background-position: center center;\"><\/span><\/a><\/div><div class=\"fusion-events-content-wrapper\" style=\"padding:20px 20px 20px 20px;\"><div class=\"fusion-events-meta\"><h2><a href=\"https:\/\/gresol.org\/es\/event\/x-premis-talent-emprenedor\/\" class=\"url\" rel=\"bookmark\">X Premis Talent Emprenedor<\/a><\/h2><h4><span class=\"tribe-event-date-start\">10 abril, 2025\u00b7 18:00<\/span> - <span class=\"tribe-event-time\">20:30<\/span><\/h4><\/div><\/div><\/div><\/div><div class=\"fusion-events-post fusion-spacing-no fusion-one-third fusion-layout-column fusion-column-last\" style=\"padding:20px\"><div class=\"fusion-column-wrapper\"><div class=\"fusion-events-thumbnail hover-type-liftup\"><a href=\"https:\/\/gresol.org\/es\/event\/ix-premis-talent-emprenedor\/\" class=\"url\" rel=\"bookmark\" aria-label=\"IX Premios Talento Emprendedor\"><span class=\"tribe-events-event-image\" style=\"background-image: url(https:\/\/gresol.org\/wp-content\/uploads\/2024\/03\/20240418_202111-scaled.jpg); -webkit-background-size: cover; background-size: cover; background-position: center center;\"><\/span><\/a><\/div><div class=\"fusion-events-content-wrapper\" style=\"padding:20px 20px 20px 20px;\"><div class=\"fusion-events-meta\"><h2><a href=\"https:\/\/gresol.org\/es\/event\/ix-premis-talent-emprenedor\/\" class=\"url\" rel=\"bookmark\">IX Premios Talento Emprendedor<\/a><\/h2><h4><span class=\"tribe-event-date-start\">18 abril, 2024\u00b7 19:00<\/span> - <span class=\"tribe-event-time\">22:00<\/span><\/h4><\/div><\/div><\/div><\/div><div class=\"fusion-clearfix\"><\/div><div class=\"fusion-events-post fusion-spacing-no fusion-one-third fusion-layout-column\" style=\"padding:20px\"><div class=\"fusion-column-wrapper\"><div class=\"fusion-events-thumbnail hover-type-liftup\"><a href=\"https:\/\/gresol.org\/es\/event\/premios-talento-emprendedor\/\" class=\"url\" rel=\"bookmark\" aria-label=\"VIII Premios Talento Emprendedor\"><span class=\"tribe-events-event-image\" style=\"background-image: url(https:\/\/gresol.org\/wp-content\/uploads\/2023\/02\/DSC_0133-scaled.jpg); -webkit-background-size: cover; background-size: cover; background-position: center center;\"><\/span><\/a><\/div><div class=\"fusion-events-content-wrapper\" style=\"padding:20px 20px 20px 20px;\"><div class=\"fusion-events-meta\"><h2><a href=\"https:\/\/gresol.org\/es\/event\/premios-talento-emprendedor\/\" class=\"url\" rel=\"bookmark\">VIII Premios Talento Emprendedor<\/a><\/h2><h4><span class=\"tribe-event-date-start\">18 abril, 2023\u00b7 19:00<\/span> - <span class=\"tribe-event-time\">21:00<\/span><\/h4><\/div><\/div><\/div><\/div><div class=\"fusion-events-post fusion-spacing-no fusion-one-third fusion-layout-column\" style=\"padding:20px\"><div class=\"fusion-column-wrapper\"><div class=\"fusion-events-thumbnail hover-type-liftup\"><a href=\"https:\/\/gresol.org\/es\/event\/premis-talent-emprenedor\/\" class=\"url\" rel=\"bookmark\" aria-label=\"VIII Premis Talent Emprenedor 2023\"><span class=\"tribe-events-event-image\" style=\"background-image: url(https:\/\/gresol.org\/wp-content\/uploads\/2023\/02\/DSC_0133-scaled.jpg); -webkit-background-size: cover; background-size: cover; background-position: center center;\"><\/span><\/a><\/div><div class=\"fusion-events-content-wrapper\" style=\"padding:20px 20px 20px 20px;\"><div class=\"fusion-events-meta\"><h2><a href=\"https:\/\/gresol.org\/es\/event\/premis-talent-emprenedor\/\" class=\"url\" rel=\"bookmark\">VIII Premis Talent Emprenedor 2023<\/a><\/h2><h4><span class=\"tribe-event-date-start\">18 abril, 2023\u00b7 19:00<\/span> - <span class=\"tribe-event-time\">21:00<\/span><\/h4><\/div><\/div><\/div><\/div><div class=\"fusion-events-post fusion-spacing-no fusion-one-third fusion-layout-column fusion-column-last\" style=\"padding:20px\"><div class=\"fusion-column-wrapper\"><div class=\"fusion-events-thumbnail hover-type-liftup\"><a href=\"https:\/\/gresol.org\/es\/event\/premis-gresol-jove-2022\/\" class=\"url\" rel=\"bookmark\" aria-label=\"VII Premis Gresol Jove 2022\"><span class=\"tribe-events-event-image\" style=\"background-image: url(https:\/\/gresol.org\/wp-content\/uploads\/2022\/03\/foto-familia-VII-Premis-Talent-Emprenedor-2022.jpg); -webkit-background-size: cover; background-size: cover; background-position: center center;\"><\/span><\/a><\/div><div class=\"fusion-events-content-wrapper\" style=\"padding:20px 20px 20px 20px;\"><div class=\"fusion-events-meta\"><h2><a href=\"https:\/\/gresol.org\/es\/event\/premis-gresol-jove-2022\/\" class=\"url\" rel=\"bookmark\">VII Premis Gresol Jove 2022<\/a><\/h2><h4><span class=\"tribe-event-date-start\">27 abril, 2022\u00b7 19:00<\/span><\/h4><\/div><\/div><\/div><\/div><div class=\"fusion-clearfix\"><\/div><div class=\"fusion-events-post fusion-spacing-no fusion-one-third fusion-layout-column\" style=\"padding:20px\"><div class=\"fusion-column-wrapper\"><div class=\"fusion-events-thumbnail hover-type-liftup\"><a href=\"https:\/\/gresol.org\/es\/event\/vii-premios-gresol-joven-2022\/\" class=\"url\" rel=\"bookmark\" aria-label=\"VII Premios Gresol Joven 2022\"><span class=\"tribe-events-event-image\" style=\"background-image: url(https:\/\/gresol.org\/wp-content\/uploads\/2022\/03\/foto-familia-VII-Premis-Talent-Emprenedor-2022.jpg); -webkit-background-size: cover; background-size: cover; background-position: center center;\"><\/span><\/a><\/div><div class=\"fusion-events-content-wrapper\" style=\"padding:20px 20px 20px 20px;\"><div class=\"fusion-events-meta\"><h2><a href=\"https:\/\/gresol.org\/es\/event\/vii-premios-gresol-joven-2022\/\" class=\"url\" rel=\"bookmark\">VII Premios Gresol Joven 2022<\/a><\/h2><h4><span class=\"tribe-event-date-start\">27 abril, 2022\u00b7 08:00<\/span> - <span class=\"tribe-event-time\">17:00<\/span><\/h4><\/div><\/div><\/div><\/div><div class=\"fusion-events-post fusion-spacing-no fusion-one-third fusion-layout-column\" style=\"padding:20px\"><div class=\"fusion-column-wrapper\"><div class=\"fusion-events-thumbnail hover-type-liftup\"><a href=\"https:\/\/gresol.org\/es\/event\/per-sise-any-la-fundacio-gresol-atorga-els-premis-tribuna-jove-gresol-al-talent-emprenedor\/\" class=\"url\" rel=\"bookmark\" aria-label=\"VI Premis Tribuna Jove Gresol\"><span class=\"tribe-events-event-image\" style=\"background-image: url(https:\/\/gresol.org\/wp-content\/uploads\/2022\/05\/Premis-Talent-Emprenedor-2021_familia1-scaled.jpg); -webkit-background-size: cover; background-size: cover; background-position: center center;\"><\/span><\/a><\/div><div class=\"fusion-events-content-wrapper\" style=\"padding:20px 20px 20px 20px;\"><div class=\"fusion-events-meta\"><h2><a href=\"https:\/\/gresol.org\/es\/event\/per-sise-any-la-fundacio-gresol-atorga-els-premis-tribuna-jove-gresol-al-talent-emprenedor\/\" class=\"url\" rel=\"bookmark\">VI Premis Tribuna Jove Gresol<\/a><\/h2><h4><span class=\"tribe-event-date-start\">14 abril, 2021\u00b7 19:00<\/span><\/h4><\/div><\/div><\/div><\/div><div class=\"fusion-events-post fusion-spacing-no fusion-one-third fusion-layout-column fusion-column-last\" style=\"padding:20px\"><div class=\"fusion-column-wrapper\"><div class=\"fusion-events-thumbnail hover-type-liftup\"><a href=\"https:\/\/gresol.org\/es\/event\/vi-premios-tribuna-joven-gresol\/\" class=\"url\" rel=\"bookmark\" aria-label=\"VI Premios Tribuna Joven Gresol\"><span class=\"tribe-events-event-image\" style=\"background-image: url(https:\/\/gresol.org\/wp-content\/uploads\/2022\/05\/Premis-Talent-Emprenedor-2021_familia1-scaled.jpg); -webkit-background-size: cover; background-size: cover; background-position: center center;\"><\/span><\/a><\/div><div class=\"fusion-events-content-wrapper\" style=\"padding:20px 20px 20px 20px;\"><div class=\"fusion-events-meta\"><h2><a href=\"https:\/\/gresol.org\/es\/event\/vi-premios-tribuna-joven-gresol\/\" class=\"url\" rel=\"bookmark\">VI Premios Tribuna Joven Gresol<\/a><\/h2><h4><span class=\"tribe-event-date-start\">14 abril, 2021\u00b7 08:00<\/span> - <span class=\"tribe-event-time\">17:00<\/span><\/h4><\/div><\/div><\/div><\/div><div class=\"fusion-clearfix\"><\/div><div class=\"fusion-events-post fusion-spacing-no fusion-one-third fusion-layout-column\" style=\"padding:20px\"><div class=\"fusion-column-wrapper\"><div class=\"fusion-events-thumbnail hover-type-liftup\"><a href=\"https:\/\/gresol.org\/es\/event\/brodynt-salix-sostenible-i-seo-alive-guardonades-durant-els-v-premis-al-talent-jove\/\" class=\"url\" rel=\"bookmark\" aria-label=\"V Premis al Talent Jove 2020\"><span class=\"tribe-events-event-image\" style=\"background-image: url(https:\/\/gresol.org\/wp-content\/uploads\/2022\/05\/Premis-Talent-Jove-2020_0.jpg); -webkit-background-size: cover; background-size: cover; background-position: center center;\"><\/span><\/a><\/div><div class=\"fusion-events-content-wrapper\" style=\"padding:20px 20px 20px 20px;\"><div class=\"fusion-events-meta\"><h2><a href=\"https:\/\/gresol.org\/es\/event\/brodynt-salix-sostenible-i-seo-alive-guardonades-durant-els-v-premis-al-talent-jove\/\" class=\"url\" rel=\"bookmark\">V Premis al Talent Jove 2020<\/a><\/h2><h4><span class=\"tribe-event-date-start\">15 julio, 2020\u00b7 19:00<\/span><\/h4><\/div><\/div><\/div><\/div><div class=\"fusion-events-post fusion-spacing-no fusion-one-third fusion-layout-column\" style=\"padding:20px\"><div class=\"fusion-column-wrapper\"><div class=\"fusion-events-thumbnail hover-type-liftup\"><a href=\"https:\/\/gresol.org\/es\/event\/v-premios-al-talento-joven-2020\/\" class=\"url\" rel=\"bookmark\" aria-label=\"V Premios al Talento Joven 2020\"><span class=\"tribe-events-event-image\" style=\"background-image: url(https:\/\/gresol.org\/wp-content\/uploads\/2022\/05\/Premis-Talent-Jove-2020_0.jpg); -webkit-background-size: cover; background-size: cover; background-position: center center;\"><\/span><\/a><\/div><div class=\"fusion-events-content-wrapper\" style=\"padding:20px 20px 20px 20px;\"><div class=\"fusion-events-meta\"><h2><a href=\"https:\/\/gresol.org\/es\/event\/v-premios-al-talento-joven-2020\/\" class=\"url\" rel=\"bookmark\">V Premios al Talento Joven 2020<\/a><\/h2><h4><span class=\"tribe-event-date-start\">15 julio, 2020\u00b7 08:00<\/span> - <span class=\"tribe-event-time\">17:00<\/span><\/h4><\/div><\/div><\/div><\/div><div class=\"fusion-events-post fusion-spacing-no fusion-one-third fusion-layout-column fusion-column-last\" style=\"padding:20px\"><div class=\"fusion-column-wrapper\"><div class=\"fusion-events-thumbnail hover-type-liftup\"><a href=\"https:\/\/gresol.org\/es\/event\/la-fundacio-gresol-entrega-els-iv-premis-al-talent-jove-en-el-transcurs-dun-afterwork\/\" class=\"url\" rel=\"bookmark\" aria-label=\"IV Premis al Talent Jove 2019\"><span class=\"tribe-events-event-image\" style=\"background-image: url(https:\/\/gresol.org\/wp-content\/uploads\/2022\/05\/FOTO-FAMILIA-PREMIATS_IV-EDICIO-PREMIS-AL-TALENT-JOVE_FUNDACIO-GRESOL-3.jpg); -webkit-background-size: cover; background-size: cover; background-position: center center;\"><\/span><\/a><\/div><div class=\"fusion-events-content-wrapper\" style=\"padding:20px 20px 20px 20px;\"><div class=\"fusion-events-meta\"><h2><a href=\"https:\/\/gresol.org\/es\/event\/la-fundacio-gresol-entrega-els-iv-premis-al-talent-jove-en-el-transcurs-dun-afterwork\/\" class=\"url\" rel=\"bookmark\">IV Premis al Talent Jove 2019<\/a><\/h2><h4><span class=\"tribe-event-date-start\">14 marzo, 2019\u00b7 19:30<\/span><\/h4><\/div><\/div><\/div><\/div><div class=\"fusion-clearfix\"><\/div><div class=\"fusion-events-post fusion-spacing-no fusion-one-third fusion-layout-column\" style=\"padding:20px\"><div class=\"fusion-column-wrapper\"><div class=\"fusion-events-thumbnail hover-type-liftup\"><a href=\"https:\/\/gresol.org\/es\/event\/iv-premios-al-talento-joven-2019\/\" class=\"url\" rel=\"bookmark\" aria-label=\"IV Premios al Talento Joven 2019\"><span class=\"tribe-events-event-image\" style=\"background-image: url(https:\/\/gresol.org\/wp-content\/uploads\/2022\/05\/FOTO-FAMILIA-PREMIATS_IV-EDICIO-PREMIS-AL-TALENT-JOVE_FUNDACIO-GRESOL-3.jpg); -webkit-background-size: cover; background-size: cover; background-position: center center;\"><\/span><\/a><\/div><div class=\"fusion-events-content-wrapper\" style=\"padding:20px 20px 20px 20px;\"><div class=\"fusion-events-meta\"><h2><a href=\"https:\/\/gresol.org\/es\/event\/iv-premios-al-talento-joven-2019\/\" class=\"url\" rel=\"bookmark\">IV Premios al Talento Joven 2019<\/a><\/h2><h4><span class=\"tribe-event-date-start\">14 marzo, 2019\u00b7 08:00<\/span> - <span class=\"tribe-event-time\">17:00<\/span><\/h4><\/div><\/div><\/div><\/div><div class=\"fusion-events-post fusion-spacing-no fusion-one-third fusion-layout-column\" style=\"padding:20px\"><div class=\"fusion-column-wrapper\"><div class=\"fusion-events-thumbnail hover-type-liftup\"><a href=\"https:\/\/gresol.org\/es\/event\/la-fundacio-gresol-organitza-la-3a-edicio-dels-premis-al-talent-jove-un-gran-esdeveniment-per-reconeixer-el-talent-de-joves-empresaris\/\" class=\"url\" rel=\"bookmark\" aria-label=\"III Premis al Talent Jove 2018\"><span class=\"tribe-events-event-image\" style=\"background-image: url(https:\/\/gresol.org\/wp-content\/uploads\/2022\/05\/1FUNDACIO-GRESOL_III-EDICIO-PREMIS-AL-TALENT-JOVE-2018-PREMIATS.jpg); -webkit-background-size: cover; background-size: cover; background-position: center center;\"><\/span><\/a><\/div><div class=\"fusion-events-content-wrapper\" style=\"padding:20px 20px 20px 20px;\"><div class=\"fusion-events-meta\"><h2><a href=\"https:\/\/gresol.org\/es\/event\/la-fundacio-gresol-organitza-la-3a-edicio-dels-premis-al-talent-jove-un-gran-esdeveniment-per-reconeixer-el-talent-de-joves-empresaris\/\" class=\"url\" rel=\"bookmark\">III Premis al Talent Jove 2018<\/a><\/h2><h4><span class=\"tribe-event-date-start\">18 abril, 2018\u00b7 19:00<\/span> - <span class=\"tribe-event-time\">21:00<\/span><\/h4><\/div><\/div><\/div><\/div><div class=\"fusion-events-post fusion-spacing-no fusion-one-third fusion-layout-column fusion-column-last\" style=\"padding:20px\"><div class=\"fusion-column-wrapper\"><div class=\"fusion-events-thumbnail hover-type-liftup\"><a href=\"https:\/\/gresol.org\/es\/event\/iii-premios-al-talento-joven-2018\/\" class=\"url\" rel=\"bookmark\" aria-label=\"III Premios al Talento Joven 2018\"><span class=\"tribe-events-event-image\" style=\"background-image: url(https:\/\/gresol.org\/wp-content\/uploads\/2022\/05\/1FUNDACIO-GRESOL_III-EDICIO-PREMIS-AL-TALENT-JOVE-2018-PREMIATS.jpg); -webkit-background-size: cover; background-size: cover; background-position: center center;\"><\/span><\/a><\/div><div class=\"fusion-events-content-wrapper\" style=\"padding:20px 20px 20px 20px;\"><div class=\"fusion-events-meta\"><h2><a href=\"https:\/\/gresol.org\/es\/event\/iii-premios-al-talento-joven-2018\/\" class=\"url\" rel=\"bookmark\">III Premios al Talento Joven 2018<\/a><\/h2><h4><span class=\"tribe-event-date-start\">18 abril, 2018\u00b7 08:00<\/span> - <span class=\"tribe-event-time\">17:00<\/span><\/h4><\/div><\/div><\/div><\/div><div class=\"fusion-clearfix\"><\/div><div class=\"fusion-events-post fusion-spacing-no fusion-one-third fusion-layout-column\" style=\"padding:20px\"><div class=\"fusion-column-wrapper\"><div class=\"fusion-events-thumbnail hover-type-liftup\"><a href=\"https:\/\/gresol.org\/es\/event\/mes-de-150-persones-assisteixen-a-lentrega-dels-premis-gresol-al-talent-jove\/\" class=\"url\" rel=\"bookmark\" aria-label=\"II Premis Gresol al Talent Jove 2017\"><span class=\"tribe-events-event-image\" style=\"background-image: url(https:\/\/gresol.org\/wp-content\/uploads\/2022\/05\/gresol_11-scaled.jpg); -webkit-background-size: cover; background-size: cover; background-position: center center;\"><\/span><\/a><\/div><div class=\"fusion-events-content-wrapper\" style=\"padding:20px 20px 20px 20px;\"><div class=\"fusion-events-meta\"><h2><a href=\"https:\/\/gresol.org\/es\/event\/mes-de-150-persones-assisteixen-a-lentrega-dels-premis-gresol-al-talent-jove\/\" class=\"url\" rel=\"bookmark\">II Premis Gresol al Talent Jove 2017<\/a><\/h2><h4><span class=\"tribe-event-date-start\">25 abril, 2017\u00b7 19:00<\/span> - <span class=\"tribe-event-time\">22:00<\/span><\/h4><\/div><\/div><\/div><\/div><div class=\"fusion-events-post fusion-spacing-no fusion-one-third fusion-layout-column\" style=\"padding:20px\"><div class=\"fusion-column-wrapper\"><div class=\"fusion-events-thumbnail hover-type-liftup\"><a href=\"https:\/\/gresol.org\/es\/event\/ii-premios-gresol-al-talento-joven-2017\/\" class=\"url\" rel=\"bookmark\" aria-label=\"II Premios Gresol al Talento Joven 2017\"><span class=\"tribe-events-event-image\" style=\"background-image: url(https:\/\/gresol.org\/wp-content\/uploads\/2022\/05\/gresol_11-scaled.jpg); -webkit-background-size: cover; background-size: cover; background-position: center center;\"><\/span><\/a><\/div><div class=\"fusion-events-content-wrapper\" style=\"padding:20px 20px 20px 20px;\"><div class=\"fusion-events-meta\"><h2><a href=\"https:\/\/gresol.org\/es\/event\/ii-premios-gresol-al-talento-joven-2017\/\" class=\"url\" rel=\"bookmark\">II Premios Gresol al Talento Joven 2017<\/a><\/h2><h4><span class=\"tribe-event-date-start\">25 abril, 2017\u00b7 08:00<\/span> - <span class=\"tribe-event-time\">17:00<\/span><\/h4><\/div><\/div><\/div><\/div><div class=\"fusion-events-post fusion-spacing-no fusion-one-third fusion-layout-column fusion-column-last\" style=\"padding:20px\"><div class=\"fusion-column-wrapper\"><div class=\"fusion-events-thumbnail hover-type-liftup\"><a href=\"https:\/\/gresol.org\/es\/event\/prop-de-250-persones-assisteixen-a-lentrega-dels-premis-gresol-al-talent-jove\/\" class=\"url\" rel=\"bookmark\" aria-label=\"Premis Gresol al Talent Jove 2015\"><span class=\"tribe-events-event-image\" style=\"background-image: url(https:\/\/gresol.org\/wp-content\/uploads\/2022\/05\/Premis-Gresol-al-Talent-Jove-267-scaled.jpg); -webkit-background-size: cover; background-size: cover; background-position: center center;\"><\/span><\/a><\/div><div class=\"fusion-events-content-wrapper\" style=\"padding:20px 20px 20px 20px;\"><div class=\"fusion-events-meta\"><h2><a href=\"https:\/\/gresol.org\/es\/event\/prop-de-250-persones-assisteixen-a-lentrega-dels-premis-gresol-al-talent-jove\/\" class=\"url\" rel=\"bookmark\">Premis Gresol al Talent Jove 2015<\/a><\/h2><h4><span class=\"tribe-event-date-start\">7 abril, 2016\u00b7 19:00<\/span> - <span class=\"tribe-event-time\">22:00<\/span><\/h4><\/div><\/div><\/div><\/div><div class=\"fusion-clearfix\"><\/div><div class=\"fusion-events-post fusion-spacing-no fusion-one-third fusion-layout-column\" style=\"padding:20px\"><div class=\"fusion-column-wrapper\"><div class=\"fusion-events-thumbnail hover-type-liftup\"><a href=\"https:\/\/gresol.org\/es\/event\/ix-premios-gaudi-gresol-2015\/\" class=\"url\" rel=\"bookmark\" aria-label=\"Premios Gresol al Talento Joven 2015\"><span class=\"tribe-events-event-image\" style=\"background-image: url(https:\/\/gresol.org\/wp-content\/uploads\/2022\/05\/Premis-Gresol-al-Talent-Jove-267-scaled.jpg); -webkit-background-size: cover; background-size: cover; background-position: center center;\"><\/span><\/a><\/div><div class=\"fusion-events-content-wrapper\" style=\"padding:20px 20px 20px 20px;\"><div class=\"fusion-events-meta\"><h2><a href=\"https:\/\/gresol.org\/es\/event\/ix-premios-gaudi-gresol-2015\/\" class=\"url\" rel=\"bookmark\">Premios Gresol al Talento Joven 2015<\/a><\/h2><h4><span class=\"tribe-event-date-start\">7 abril, 2016\u00b7 08:00<\/span> - <span class=\"tribe-event-time\">17:00<\/span><\/h4><\/div><\/div><\/div><\/div><div class=\"fusion-clearfix\"><\/div><\/div><\/div><\/div><\/div><\/div><\/div>\n","protected":false},"excerpt":{"rendered":"","protected":false},"author":1,"featured_media":0,"parent":0,"menu_order":0,"comment_status":"closed","ping_status":"closed","template":"100-width.php","meta":{"_price":"","_stock":"","_tribe_ticket_header":"","_tribe_default_ticket_provider":"TEC\\Tickets\\Commerce\\Module","_tribe_ticket_capacity":"0","_ticket_start_date":"","_ticket_end_date":"","_tribe_ticket_show_description":"","_tribe_ticket_show_not_going":false,"_tribe_ticket_use_global_stock":"","_tribe_ticket_global_stock_level":"","_global_stock_mode":"","_global_stock_cap":"","_tribe_rsvp_for_event":"","_tribe_ticket_going_count":"","_tribe_ticket_not_going_count":"","_tribe_tickets_list":"[]","_tribe_ticket_has_attendee_info_fields":false,"footnotes":"","_tec_slr_enabled":"","_tec_slr_layout":""},"class_list":["post-3002","page","type-page","status-publish","hentry","cat_premis-gresol-jove-es"],"ticketed":false,"_links":{"self":[{"href":"https:\/\/gresol.org\/es\/wp-json\/wp\/v2\/pages\/3002","targetHints":{"allow":["GET"]}}],"collection":[{"href":"https:\/\/gresol.org\/es\/wp-json\/wp\/v2\/pages"}],"about":[{"href":"https:\/\/gresol.org\/es\/wp-json\/wp\/v2\/types\/page"}],"author":[{"embeddable":true,"href":"https:\/\/gresol.org\/es\/wp-json\/wp\/v2\/users\/1"}],"replies":[{"embeddable":true,"href":"https:\/\/gresol.org\/es\/wp-json\/wp\/v2\/comments?post=3002"}],"version-history":[{"count":9,"href":"https:\/\/gresol.org\/es\/wp-json\/wp\/v2\/pages\/3002\/revisions"}],"predecessor-version":[{"id":3123,"href":"https:\/\/gresol.org\/es\/wp-json\/wp\/v2\/pages\/3002\/revisions\/3123"}],"wp:attachment":[{"href":"https:\/\/gresol.org\/es\/wp-json\/wp\/v2\/media?parent=3002"}],"curies":[{"name":"wp","href":"https:\/\/api.w.org\/{rel}","templated":true}]}}